{"id":493,"date":"2025-07-02T14:32:49","date_gmt":"2025-07-02T12:32:49","guid":{"rendered":"http:\/\/kulturgemeinschaft-empfingen.info\/?page_id=493"},"modified":"2025-10-22T13:15:21","modified_gmt":"2025-10-22T11:15:21","slug":"home","status":"publish","type":"page","link":"https:\/\/kulturgemeinschaft-empfingen.info\/","title":{"rendered":"Willkommen"},"content":{"rendered":"\t\t<div data-elementor-type=\"wp-page\" data-elementor-id=\"493\" class=\"elementor elementor-493\">\n\t\t\t\t<div class=\"elementor-element elementor-element-25f6d5a7 e-con-full e-flex e-con e-parent\" data-id=\"25f6d5a7\" data-element_type=\"container\">\n\t\t<div class=\"elementor-element elementor-element-284ad3b8 e-con-full e-flex e-con e-child\" data-id=\"284ad3b8\" data-element_type=\"container\" data-settings=\"{&quot;background_background&quot;:&quot;classic&quot;}\">\n\t\t\t\t<\/div>\n\t\t<div class=\"elementor-element elementor-element-3032fdad e-con-full e-flex e-con e-child\" data-id=\"3032fdad\" data-element_type=\"container\" data-settings=\"{&quot;background_background&quot;:&quot;classic&quot;}\">\n\t\t\t\t<\/div>\n\t\t<div class=\"elementor-element elementor-element-6d576d33 e-con-full e-flex e-con e-child\" data-id=\"6d576d33\" data-element_type=\"container\" data-settings=\"{&quot;background_background&quot;:&quot;classic&quot;}\">\n\t\t\t\t<\/div>\n\t\t\t\t<\/div>\n\t\t<div class=\"elementor-element elementor-element-17f0a10 animated-slow e-flex e-con-boxed elementor-invisible e-con e-parent\" data-id=\"17f0a10\" data-element_type=\"container\" data-settings=\"{&quot;animation&quot;:&quot;fadeIn&quot;,&quot;animation_delay&quot;:100,&quot;background_background&quot;:&quot;slideshow&quot;,&quot;background_slideshow_gallery&quot;:[{&quot;id&quot;:1218,&quot;url&quot;:&quot;https:\\\/\\\/kulturgemeinschaft-empfingen.info\\\/wp-content\\\/uploads\\\/2025\\\/10\\\/2025-Epfenga-in-Waldshut-by-Paul-Bossenmaier-07_2.jpg&quot;},{&quot;id&quot;:1144,&quot;url&quot;:&quot;https:\\\/\\\/kulturgemeinschaft-empfingen.info\\\/wp-content\\\/uploads\\\/2025\\\/10\\\/2025-Epfenga-in-Waldshut-by-Paul-Bossenmaier-23.jpg&quot;},{&quot;id&quot;:1160,&quot;url&quot;:&quot;https:\\\/\\\/kulturgemeinschaft-empfingen.info\\\/wp-content\\\/uploads\\\/2025\\\/10\\\/2025-Epfenga-in-Waldshut-by-Paul-Bossenmaier-39.jpg&quot;},{&quot;id&quot;:1190,&quot;url&quot;:&quot;https:\\\/\\\/kulturgemeinschaft-empfingen.info\\\/wp-content\\\/uploads\\\/2025\\\/10\\\/2025-Epfenga-in-Waldshut-by-Paul-Bossenmaier-29-2.jpg&quot;}],&quot;background_slideshow_transition_duration&quot;:1000,&quot;background_slideshow_loop&quot;:&quot;yes&quot;,&quot;background_slideshow_slide_duration&quot;:5000,&quot;background_slideshow_slide_transition&quot;:&quot;fade&quot;}\">\n\t\t\t\t\t<div class=\"e-con-inner\">\n\t\t<div class=\"elementor-element elementor-element-06ab4c8 e-flex e-con-boxed e-con e-child\" data-id=\"06ab4c8\" data-element_type=\"container\" data-settings=\"{&quot;background_background&quot;:&quot;classic&quot;}\">\n\t\t\t\t\t<div class=\"e-con-inner\">\n\t\t\t\t\t<\/div>\n\t\t\t\t<\/div>\n\t\t\t\t\t<\/div>\n\t\t\t\t<\/div>\n\t\t<div class=\"elementor-element elementor-element-30a6850 e-flex e-con-boxed e-con e-parent\" data-id=\"30a6850\" data-element_type=\"container\">\n\t\t\t\t\t<div class=\"e-con-inner\">\n\t\t\t\t<div class=\"elementor-element elementor-element-44db27e elementor-widget elementor-widget-heading\" data-id=\"44db27e\" data-element_type=\"widget\" data-widget_type=\"heading.default\">\n\t\t\t\t<div class=\"elementor-widget-container\">\n\t\t\t\t\t<h2 class=\"elementor-heading-title elementor-size-default\">Willkommen bei der Kulturgemeinschaft Empfingen<\/h2>\t\t\t\t<\/div>\n\t\t\t\t<\/div>\n\t\t\t\t<div class=\"elementor-element elementor-element-1c08851 elementor-widget elementor-widget-text-editor\" data-id=\"1c08851\" data-element_type=\"widget\" data-widget_type=\"text-editor.default\">\n\t\t\t\t<div class=\"elementor-widget-container\">\n\t\t\t\t\t\t\t\t\t<p>Sch\u00f6n, dass Sie den Weg auf unsere Homepage gefunden haben. Die Kulturgemeinschaft Empfingen verbindet Tradition, Musik und Brauchtum \u2013 getragen von drei starken S\u00e4ulen:<\/p>\t\t\t\t\t\t\t\t<\/div>\n\t\t\t\t<\/div>\n\t\t<div class=\"elementor-element elementor-element-b1420e6 e-con-full e-flex e-con e-child\" data-id=\"b1420e6\" data-element_type=\"container\">\n\t\t<a class=\"elementor-element elementor-element-afec204 e-con-full e-transform e-flex e-con e-child\" data-id=\"afec204\" data-element_type=\"container\" data-settings=\"{&quot;_transform_scale_effect_hover&quot;:{&quot;unit&quot;:&quot;px&quot;,&quot;size&quot;:1.1,&quot;sizes&quot;:[]},&quot;_transform_scale_effect_hover_tablet&quot;:{&quot;unit&quot;:&quot;px&quot;,&quot;size&quot;:&quot;&quot;,&quot;sizes&quot;:[]},&quot;_transform_scale_effect_hover_mobile&quot;:{&quot;unit&quot;:&quot;px&quot;,&quot;size&quot;:&quot;&quot;,&quot;sizes&quot;:[]}}\" href=\"https:\/\/kulturgemeinschaft-empfingen.info\/index.php\/narrenzunft\/\">\n\t\t\t\t<div class=\"elementor-element elementor-element-dc26a3f elementor-widget elementor-widget-image\" data-id=\"dc26a3f\" data-element_type=\"widget\" data-widget_type=\"image.default\">\n\t\t\t\t<div class=\"elementor-widget-container\">\n\t\t\t\t\t\t\t\t\t\t\t\t\t\t\t<img decoding=\"async\" width=\"108\" height=\"153\" src=\"https:\/\/kulturgemeinschaft-empfingen.info\/wp-content\/uploads\/2025\/07\/Icon_Narrenzunft.svg\" class=\"attachment-large size-large wp-image-630\" alt=\"Icon Narrenzunft\" \/>\t\t\t\t\t\t\t\t\t\t\t\t\t\t\t<\/div>\n\t\t\t\t<\/div>\n\t\t\t\t<div class=\"elementor-element elementor-element-c2993ae elementor-widget elementor-widget-heading\" data-id=\"c2993ae\" data-element_type=\"widget\" data-widget_type=\"heading.default\">\n\t\t\t\t<div class=\"elementor-widget-container\">\n\t\t\t\t\t<h2 class=\"elementor-heading-title elementor-size-default\">Narrenzunft<\/h2>\t\t\t\t<\/div>\n\t\t\t\t<\/div>\n\t\t\t\t<div class=\"elementor-element elementor-element-dad760c elementor-widget elementor-widget-text-editor\" data-id=\"dad760c\" data-element_type=\"widget\" data-widget_type=\"text-editor.default\">\n\t\t\t\t<div class=\"elementor-widget-container\">\n\t\t\t\t\t\t\t\t\t<p style=\"text-align: center;\">gelebte Fasnet, Humor und jahrhundertealte Br\u00e4uche.<\/p>\t\t\t\t\t\t\t\t<\/div>\n\t\t\t\t<\/div>\n\t\t\t\t<\/a>\n\t\t<a class=\"elementor-element elementor-element-01920f2 e-con-full e-transform e-flex e-con e-child\" data-id=\"01920f2\" data-element_type=\"container\" data-settings=\"{&quot;_transform_scale_effect_hover&quot;:{&quot;unit&quot;:&quot;px&quot;,&quot;size&quot;:1.1,&quot;sizes&quot;:[]},&quot;_transform_scale_effect_hover_tablet&quot;:{&quot;unit&quot;:&quot;px&quot;,&quot;size&quot;:&quot;&quot;,&quot;sizes&quot;:[]},&quot;_transform_scale_effect_hover_mobile&quot;:{&quot;unit&quot;:&quot;px&quot;,&quot;size&quot;:&quot;&quot;,&quot;sizes&quot;:[]}}\" href=\"https:\/\/kulturgemeinschaft-empfingen.info\/index.php\/trachtenkapelle\/\">\n\t\t\t\t<div class=\"elementor-element elementor-element-1d431a9 elementor-widget elementor-widget-image\" data-id=\"1d431a9\" data-element_type=\"widget\" data-widget_type=\"image.default\">\n\t\t\t\t<div class=\"elementor-widget-container\">\n\t\t\t\t\t\t\t\t\t\t\t\t\t\t\t<img decoding=\"async\" width=\"96\" height=\"205\" src=\"https:\/\/kulturgemeinschaft-empfingen.info\/wp-content\/uploads\/2025\/07\/Icon_Musikkapelle.svg\" class=\"attachment-large size-large wp-image-629\" alt=\"Icon Trachtenkapelle\" \/>\t\t\t\t\t\t\t\t\t\t\t\t\t\t\t<\/div>\n\t\t\t\t<\/div>\n\t\t\t\t<div class=\"elementor-element elementor-element-cb7f922 elementor-widget elementor-widget-heading\" data-id=\"cb7f922\" data-element_type=\"widget\" data-widget_type=\"heading.default\">\n\t\t\t\t<div class=\"elementor-widget-container\">\n\t\t\t\t\t<h2 class=\"elementor-heading-title elementor-size-default\">Trachtenkapelle<\/h2>\t\t\t\t<\/div>\n\t\t\t\t<\/div>\n\t\t\t\t<div class=\"elementor-element elementor-element-a5600ef elementor-widget elementor-widget-text-editor\" data-id=\"a5600ef\" data-element_type=\"widget\" data-widget_type=\"text-editor.default\">\n\t\t\t\t<div class=\"elementor-widget-container\">\n\t\t\t\t\t\t\t\t\t<p style=\"text-align: center;\">Musik f\u00fcr jeden Anlass, von festlich bis schwungvoll.<\/p>\t\t\t\t\t\t\t\t<\/div>\n\t\t\t\t<\/div>\n\t\t\t\t<\/a>\n\t\t<a class=\"elementor-element elementor-element-23c883a e-con-full e-transform e-flex e-con e-child\" data-id=\"23c883a\" data-element_type=\"container\" data-settings=\"{&quot;_transform_scale_effect_hover&quot;:{&quot;unit&quot;:&quot;px&quot;,&quot;size&quot;:1.1,&quot;sizes&quot;:[]},&quot;_transform_scale_effect_hover_tablet&quot;:{&quot;unit&quot;:&quot;px&quot;,&quot;size&quot;:&quot;&quot;,&quot;sizes&quot;:[]},&quot;_transform_scale_effect_hover_mobile&quot;:{&quot;unit&quot;:&quot;px&quot;,&quot;size&quot;:&quot;&quot;,&quot;sizes&quot;:[]}}\" href=\"https:\/\/kulturgemeinschaft-empfingen.info\/index.php\/trachtengruppe\/\">\n\t\t\t\t<div class=\"elementor-element elementor-element-1838fbd elementor-widget elementor-widget-image\" data-id=\"1838fbd\" data-element_type=\"widget\" data-widget_type=\"image.default\">\n\t\t\t\t<div class=\"elementor-widget-container\">\n\t\t\t\t\t\t\t\t\t\t\t\t\t\t\t<img decoding=\"async\" width=\"155\" height=\"261\" src=\"https:\/\/kulturgemeinschaft-empfingen.info\/wp-content\/uploads\/2025\/07\/Icon_Trachtengruppe.svg\" class=\"attachment-large size-large wp-image-631\" alt=\"Icon Trachtengruppe\" \/>\t\t\t\t\t\t\t\t\t\t\t\t\t\t\t<\/div>\n\t\t\t\t<\/div>\n\t\t\t\t<div class=\"elementor-element elementor-element-75798bc elementor-widget elementor-widget-heading\" data-id=\"75798bc\" data-element_type=\"widget\" data-widget_type=\"heading.default\">\n\t\t\t\t<div class=\"elementor-widget-container\">\n\t\t\t\t\t<h2 class=\"elementor-heading-title elementor-size-default\">Trachtengruppe<\/h2>\t\t\t\t<\/div>\n\t\t\t\t<\/div>\n\t\t\t\t<div class=\"elementor-element elementor-element-07b501e elementor-widget elementor-widget-text-editor\" data-id=\"07b501e\" data-element_type=\"widget\" data-widget_type=\"text-editor.default\">\n\t\t\t\t<div class=\"elementor-widget-container\">\n\t\t\t\t\t\t\t\t\t<p style=\"text-align: center;\">Pflege unserer Heimatkultur durch Tanz, Tracht und Geselligkeit.<\/p>\t\t\t\t\t\t\t\t<\/div>\n\t\t\t\t<\/div>\n\t\t\t\t<\/a>\n\t\t\t\t<\/div>\n\t\t\t\t<div class=\"elementor-element elementor-element-a2e11a3 elementor-widget elementor-widget-text-editor\" data-id=\"a2e11a3\" data-element_type=\"widget\" data-widget_type=\"text-editor.default\">\n\t\t\t\t<div class=\"elementor-widget-container\">\n\t\t\t\t\t\t\t\t\t<p>\u00dcber die Navigation gelangen Sie direkt zu den einzelnen Gruppen, wo Sie spannende Einblicke, aktuelle Termine und viele weitere Informationen finden. Tauchen Sie ein in das bunte und vielf\u00e4ltige Vereinsleben unserer Kulturgemeinschaft!<\/p>\t\t\t\t\t\t\t\t<\/div>\n\t\t\t\t<\/div>\n\t\t\t\t\t<\/div>\n\t\t\t\t<\/div>\n\t\t<div class=\"elementor-element elementor-element-85bbf8b e-con-full e-flex e-con e-parent\" data-id=\"85bbf8b\" data-element_type=\"container\">\n\t\t<div class=\"elementor-element elementor-element-886e6ec e-con-full e-flex e-con e-child\" data-id=\"886e6ec\" data-element_type=\"container\">\n\t\t<div class=\"elementor-element elementor-element-9f10915 e-con-full e-flex e-con e-child\" data-id=\"9f10915\" data-element_type=\"container\" data-settings=\"{&quot;background_background&quot;:&quot;classic&quot;}\">\n\t\t\t\t<\/div>\n\t\t<div class=\"elementor-element elementor-element-7530db6 e-con-full e-flex e-con e-child\" data-id=\"7530db6\" data-element_type=\"container\" data-settings=\"{&quot;background_background&quot;:&quot;classic&quot;}\">\n\t\t\t\t<\/div>\n\t\t<div class=\"elementor-element elementor-element-f1533ae e-con-full e-flex e-con e-child\" data-id=\"f1533ae\" data-element_type=\"container\" data-settings=\"{&quot;background_background&quot;:&quot;classic&quot;}\">\n\t\t\t\t<\/div>\n\t\t\t\t<\/div>\n\t\t\t\t<\/div>\n\t\t<div class=\"elementor-element elementor-element-dec9840 e-con-full e-flex e-con e-parent\" data-id=\"dec9840\" data-element_type=\"container\">\n\t\t\t\t<div class=\"elementor-element elementor-element-3b44099 elementor-widget elementor-widget-heading\" data-id=\"3b44099\" data-element_type=\"widget\" data-widget_type=\"heading.default\">\n\t\t\t\t<div class=\"elementor-widget-container\">\n\t\t\t\t\t<h1 class=\"elementor-heading-title elementor-size-default\">Social Media<\/h1>\t\t\t\t<\/div>\n\t\t\t\t<\/div>\n\t\t\t\t<\/div>\n\t\t<div class=\"elementor-element elementor-element-d58861a e-flex e-con-boxed e-con e-parent\" data-id=\"d58861a\" data-element_type=\"container\">\n\t\t\t\t\t<div class=\"e-con-inner\">\n\t\t\t\t<div class=\"elementor-element elementor-element-1fad9e3 elementor-widget elementor-widget-shortcode\" data-id=\"1fad9e3\" data-element_type=\"widget\" data-widget_type=\"shortcode.default\">\n\t\t\t\t<div class=\"elementor-widget-container\">\n\t\t\t\t\t\t\t<div class=\"elementor-shortcode\">\n<div id=\"sb_instagram\"  class=\"sbi sbi_mob_col_1 sbi_tab_col_2 sbi_col_3 sbi_width_resp sbi_palette_light\" style=\"padding-bottom: 10px;\"\t data-feedid=\"*2\"  data-res=\"auto\" data-cols=\"3\" data-colsmobile=\"1\" data-colstablet=\"2\" data-num=\"15\" data-nummobile=\"15\" data-item-padding=\"5\"\t data-shortcode-atts=\"{&quot;feed&quot;:&quot;2&quot;}\"  data-postid=\"493\" data-locatornonce=\"21530f84da\" data-imageaspectratio=\"3:4\" data-sbi-flags=\"favorLocal,gdpr\">\n\t<div class=\"sb_instagram_header  sbi_medium sbi_header_palette_light\"   >\n\t<a class=\"sbi_header_link\" target=\"_blank\"\n\t   rel=\"nofollow noopener\" href=\"https:\/\/www.instagram.com\/kulturgemeinschaft_empfingen\/\" title=\"@kulturgemeinschaft_empfingen\">\n\t\t<div class=\"sbi_header_text\">\n\t\t\t<div class=\"sbi_header_img\"  data-avatar-url=\"https:\/\/scontent-fra5-2.cdninstagram.com\/v\/t51.2885-19\/469142686_884957147167437_18399020627463399_n.jpg?stp=dst-jpg_s206x206_tt6&amp;_nc_cat=107&amp;ccb=7-5&amp;_nc_sid=bf7eb4&amp;efg=eyJ2ZW5jb2RlX3RhZyI6InByb2ZpbGVfcGljLnd3dy45MzIuQzMifQ%3D%3D&amp;_nc_ohc=OrGscQIuNR8Q7kNvwHD8l3H&amp;_nc_oc=AdptzLnQFCjmuRxDIoqqYNgNt9T0i3yJLsFQU9E1F0oYmBpf7eYCoCC8NJL6TthI7H0&amp;_nc_zt=24&amp;_nc_ht=scontent-fra5-2.cdninstagram.com&amp;edm=AP4hL3IEAAAA&amp;_nc_tpa=Q5bMBQFtaW7RzO4nF0tgPAYFA_78_HWKT_00zFTUanWwvlnxOw87RYnIwLgNgr6vRUn2STNPwESf4LN_TQ&amp;oh=00_Af5cqHBLZf6HojFCGCB6TmNf1QSK_74u2Ov1rNkGS7v3RQ&amp;oe=69F9BE7C\">\n\t\t\t\t\t\t\t\t\t<div class=\"sbi_header_img_hover\"  ><svg class=\"sbi_new_logo fa-instagram fa-w-14\" aria-hidden=\"true\" data-fa-processed=\"\" aria-label=\"Instagram\" data-prefix=\"fab\" data-icon=\"instagram\" role=\"img\" viewBox=\"0 0 448 512\">\n                    <path fill=\"currentColor\" d=\"M224.1 141c-63.6 0-114.9 51.3-114.9 114.9s51.3 114.9 114.9 114.9S339 319.5 339 255.9 287.7 141 224.1 141zm0 189.6c-41.1 0-74.7-33.5-74.7-74.7s33.5-74.7 74.7-74.7 74.7 33.5 74.7 74.7-33.6 74.7-74.7 74.7zm146.4-194.3c0 14.9-12 26.8-26.8 26.8-14.9 0-26.8-12-26.8-26.8s12-26.8 26.8-26.8 26.8 12 26.8 26.8zm76.1 27.2c-1.7-35.9-9.9-67.7-36.2-93.9-26.2-26.2-58-34.4-93.9-36.2-37-2.1-147.9-2.1-184.9 0-35.8 1.7-67.6 9.9-93.9 36.1s-34.4 58-36.2 93.9c-2.1 37-2.1 147.9 0 184.9 1.7 35.9 9.9 67.7 36.2 93.9s58 34.4 93.9 36.2c37 2.1 147.9 2.1 184.9 0 35.9-1.7 67.7-9.9 93.9-36.2 26.2-26.2 34.4-58 36.2-93.9 2.1-37 2.1-147.8 0-184.8zM398.8 388c-7.8 19.6-22.9 34.7-42.6 42.6-29.5 11.7-99.5 9-132.1 9s-102.7 2.6-132.1-9c-19.6-7.8-34.7-22.9-42.6-42.6-11.7-29.5-9-99.5-9-132.1s-2.6-102.7 9-132.1c7.8-19.6 22.9-34.7 42.6-42.6 29.5-11.7 99.5-9 132.1-9s102.7-2.6 132.1 9c19.6 7.8 34.7 22.9 42.6 42.6 11.7 29.5 9 99.5 9 132.1s2.7 102.7-9 132.1z\"><\/path>\n                <\/svg><\/div>\n\t\t\t\t\t<img loading=\"lazy\" decoding=\"async\"  src=\"https:\/\/kulturgemeinschaft-empfingen.info\/wp-content\/uploads\/sb-instagram-feed-images\/kulturgemeinschaft_empfingen.webp\" alt=\"\" width=\"50\" height=\"50\">\n\t\t\t\t\n\t\t\t\t\t\t\t<\/div>\n\n\t\t\t<div class=\"sbi_feedtheme_header_text\">\n\t\t\t\t<h3>kulturgemeinschaft_empfingen<\/h3>\n\t\t\t\t\t\t\t\t\t<p class=\"sbi_bio\">\ud83c\udf89\ud83d\udc79\ud83c\udfba<br>\nNarrenzunft Empfingen<br>\nTrachtengruppe Empfingen<br>\nTrachtenkapelle\/Zottla Empfingen<\/p>\n\t\t\t\t\t\t\t<\/div>\n\t\t<\/div>\n\t<\/a>\n<\/div>\n\n\t<div id=\"sbi_images\"  style=\"gap: 10px;\">\n\t\t<div class=\"sbi_item sbi_type_image sbi_new sbi_transition\"\n\tid=\"sbi_17865809832561759\" data-date=\"1770024652\">\n\t<div class=\"sbi_photo_wrap\">\n\t\t<a class=\"sbi_photo\" href=\"https:\/\/www.instagram.com\/p\/DUQCNyajTxc\/\" target=\"_blank\" rel=\"noopener nofollow\"\n\t\t\tdata-full-res=\"https:\/\/scontent-fra3-1.cdninstagram.com\/v\/t51.82787-15\/626791030_18110925187653799_2862933550545835766_n.jpg?stp=dst-jpg_e35_tt6&#038;_nc_cat=108&#038;ccb=7-5&#038;_nc_sid=18de74&#038;efg=eyJlZmdfdGFnIjoiRkVFRC5iZXN0X2ltYWdlX3VybGdlbi5DMyJ9&#038;_nc_ohc=cH7D1l3tIfQQ7kNvwF-dyrs&#038;_nc_oc=Adoc_EqPjmL_XvvUQbAcfIyII1aBw_QnMPjq7KiAXO-GBON3rtP7ETMEsI_ow-qOMfA&#038;_nc_zt=23&#038;_nc_ht=scontent-fra3-1.cdninstagram.com&#038;edm=ANo9K5cEAAAA&#038;_nc_gid=RVj3Z88YjriFf5tLeNU-Vg&#038;_nc_tpa=Q5bMBQGS_PnGMWAo-P3pKyyTIdrdZxHUrputndVRaq6OOQw1oVpIJgwPMfiYN06eoeKRunzrN40X7jIQJg&#038;oh=00_Af53LumtRGy4ZdsOblBWiuNx3cLsuY54sE6vVZAo8WY_Uw&#038;oe=69FA4282\"\n\t\t\tdata-img-src-set=\"{&quot;d&quot;:&quot;https:\\\/\\\/scontent-fra3-1.cdninstagram.com\\\/v\\\/t51.82787-15\\\/626791030_18110925187653799_2862933550545835766_n.jpg?stp=dst-jpg_e35_tt6&amp;_nc_cat=108&amp;ccb=7-5&amp;_nc_sid=18de74&amp;efg=eyJlZmdfdGFnIjoiRkVFRC5iZXN0X2ltYWdlX3VybGdlbi5DMyJ9&amp;_nc_ohc=cH7D1l3tIfQQ7kNvwF-dyrs&amp;_nc_oc=Adoc_EqPjmL_XvvUQbAcfIyII1aBw_QnMPjq7KiAXO-GBON3rtP7ETMEsI_ow-qOMfA&amp;_nc_zt=23&amp;_nc_ht=scontent-fra3-1.cdninstagram.com&amp;edm=ANo9K5cEAAAA&amp;_nc_gid=RVj3Z88YjriFf5tLeNU-Vg&amp;_nc_tpa=Q5bMBQGS_PnGMWAo-P3pKyyTIdrdZxHUrputndVRaq6OOQw1oVpIJgwPMfiYN06eoeKRunzrN40X7jIQJg&amp;oh=00_Af53LumtRGy4ZdsOblBWiuNx3cLsuY54sE6vVZAo8WY_Uw&amp;oe=69FA4282&quot;,&quot;150&quot;:&quot;https:\\\/\\\/scontent-fra3-1.cdninstagram.com\\\/v\\\/t51.82787-15\\\/626791030_18110925187653799_2862933550545835766_n.jpg?stp=dst-jpg_e35_tt6&amp;_nc_cat=108&amp;ccb=7-5&amp;_nc_sid=18de74&amp;efg=eyJlZmdfdGFnIjoiRkVFRC5iZXN0X2ltYWdlX3VybGdlbi5DMyJ9&amp;_nc_ohc=cH7D1l3tIfQQ7kNvwF-dyrs&amp;_nc_oc=Adoc_EqPjmL_XvvUQbAcfIyII1aBw_QnMPjq7KiAXO-GBON3rtP7ETMEsI_ow-qOMfA&amp;_nc_zt=23&amp;_nc_ht=scontent-fra3-1.cdninstagram.com&amp;edm=ANo9K5cEAAAA&amp;_nc_gid=RVj3Z88YjriFf5tLeNU-Vg&amp;_nc_tpa=Q5bMBQGS_PnGMWAo-P3pKyyTIdrdZxHUrputndVRaq6OOQw1oVpIJgwPMfiYN06eoeKRunzrN40X7jIQJg&amp;oh=00_Af53LumtRGy4ZdsOblBWiuNx3cLsuY54sE6vVZAo8WY_Uw&amp;oe=69FA4282&quot;,&quot;320&quot;:&quot;https:\\\/\\\/scontent-fra3-1.cdninstagram.com\\\/v\\\/t51.82787-15\\\/626791030_18110925187653799_2862933550545835766_n.jpg?stp=dst-jpg_e35_tt6&amp;_nc_cat=108&amp;ccb=7-5&amp;_nc_sid=18de74&amp;efg=eyJlZmdfdGFnIjoiRkVFRC5iZXN0X2ltYWdlX3VybGdlbi5DMyJ9&amp;_nc_ohc=cH7D1l3tIfQQ7kNvwF-dyrs&amp;_nc_oc=Adoc_EqPjmL_XvvUQbAcfIyII1aBw_QnMPjq7KiAXO-GBON3rtP7ETMEsI_ow-qOMfA&amp;_nc_zt=23&amp;_nc_ht=scontent-fra3-1.cdninstagram.com&amp;edm=ANo9K5cEAAAA&amp;_nc_gid=RVj3Z88YjriFf5tLeNU-Vg&amp;_nc_tpa=Q5bMBQGS_PnGMWAo-P3pKyyTIdrdZxHUrputndVRaq6OOQw1oVpIJgwPMfiYN06eoeKRunzrN40X7jIQJg&amp;oh=00_Af53LumtRGy4ZdsOblBWiuNx3cLsuY54sE6vVZAo8WY_Uw&amp;oe=69FA4282&quot;,&quot;640&quot;:&quot;https:\\\/\\\/scontent-fra3-1.cdninstagram.com\\\/v\\\/t51.82787-15\\\/626791030_18110925187653799_2862933550545835766_n.jpg?stp=dst-jpg_e35_tt6&amp;_nc_cat=108&amp;ccb=7-5&amp;_nc_sid=18de74&amp;efg=eyJlZmdfdGFnIjoiRkVFRC5iZXN0X2ltYWdlX3VybGdlbi5DMyJ9&amp;_nc_ohc=cH7D1l3tIfQQ7kNvwF-dyrs&amp;_nc_oc=Adoc_EqPjmL_XvvUQbAcfIyII1aBw_QnMPjq7KiAXO-GBON3rtP7ETMEsI_ow-qOMfA&amp;_nc_zt=23&amp;_nc_ht=scontent-fra3-1.cdninstagram.com&amp;edm=ANo9K5cEAAAA&amp;_nc_gid=RVj3Z88YjriFf5tLeNU-Vg&amp;_nc_tpa=Q5bMBQGS_PnGMWAo-P3pKyyTIdrdZxHUrputndVRaq6OOQw1oVpIJgwPMfiYN06eoeKRunzrN40X7jIQJg&amp;oh=00_Af53LumtRGy4ZdsOblBWiuNx3cLsuY54sE6vVZAo8WY_Uw&amp;oe=69FA4282&quot;}\">\n\t\t\t<span class=\"sbi-screenreader\">Nach dem Ringtreffen ist vor der Hauptfasnet! \nAm <\/span>\n\t\t\t\t\t\t\t\t\t<img decoding=\"async\" src=\"https:\/\/kulturgemeinschaft-empfingen.info\/wp-content\/plugins\/instagram-feed\/img\/placeholder.png\" alt=\"Nach dem Ringtreffen ist vor der Hauptfasnet! \nAm Samstag geht es direkt weiter mit unserem 71. Bunten Abend!\" aria-hidden=\"true\">\n\t\t<\/a>\n\t<\/div>\n<\/div><div class=\"sbi_item sbi_type_image sbi_new sbi_transition\"\n\tid=\"sbi_18076376770871685\" data-date=\"1759431554\">\n\t<div class=\"sbi_photo_wrap\">\n\t\t<a class=\"sbi_photo\" href=\"https:\/\/www.instagram.com\/p\/DPUVm5ojf4o\/\" target=\"_blank\" rel=\"noopener nofollow\"\n\t\t\tdata-full-res=\"https:\/\/scontent-fra5-1.cdninstagram.com\/v\/t51.82787-15\/558445969_18098432215653799_8873611948820163713_n.jpg?stp=dst-jpg_e35_tt6&#038;_nc_cat=110&#038;ccb=7-5&#038;_nc_sid=18de74&#038;efg=eyJlZmdfdGFnIjoiRkVFRC5iZXN0X2ltYWdlX3VybGdlbi5DMyJ9&#038;_nc_ohc=d_QJydD7FmoQ7kNvwFUDEZI&#038;_nc_oc=AdoTu5QVzEN9fQvjuvzlZITaM-FKR1iMPcCA8vP4XYHQWep9ggIEwV27okXMqysTcO4&#038;_nc_zt=23&#038;_nc_ht=scontent-fra5-1.cdninstagram.com&#038;edm=ANo9K5cEAAAA&#038;_nc_gid=RVj3Z88YjriFf5tLeNU-Vg&#038;_nc_tpa=Q5bMBQEkPtM1SlwUcBdaJHMBmH39STzPKIzAHaDgbZ2mrCMpY3yimS-Of-gLaEQS1NzO6H-VCWzZiNZPvg&#038;oh=00_Af6nPZ5REZ9ZSNnywVkR7TpexuKuxx8Kk2CT7cUuJ1qm1w&#038;oe=69FA4B03\"\n\t\t\tdata-img-src-set=\"{&quot;d&quot;:&quot;https:\\\/\\\/scontent-fra5-1.cdninstagram.com\\\/v\\\/t51.82787-15\\\/558445969_18098432215653799_8873611948820163713_n.jpg?stp=dst-jpg_e35_tt6&amp;_nc_cat=110&amp;ccb=7-5&amp;_nc_sid=18de74&amp;efg=eyJlZmdfdGFnIjoiRkVFRC5iZXN0X2ltYWdlX3VybGdlbi5DMyJ9&amp;_nc_ohc=d_QJydD7FmoQ7kNvwFUDEZI&amp;_nc_oc=AdoTu5QVzEN9fQvjuvzlZITaM-FKR1iMPcCA8vP4XYHQWep9ggIEwV27okXMqysTcO4&amp;_nc_zt=23&amp;_nc_ht=scontent-fra5-1.cdninstagram.com&amp;edm=ANo9K5cEAAAA&amp;_nc_gid=RVj3Z88YjriFf5tLeNU-Vg&amp;_nc_tpa=Q5bMBQEkPtM1SlwUcBdaJHMBmH39STzPKIzAHaDgbZ2mrCMpY3yimS-Of-gLaEQS1NzO6H-VCWzZiNZPvg&amp;oh=00_Af6nPZ5REZ9ZSNnywVkR7TpexuKuxx8Kk2CT7cUuJ1qm1w&amp;oe=69FA4B03&quot;,&quot;150&quot;:&quot;https:\\\/\\\/scontent-fra5-1.cdninstagram.com\\\/v\\\/t51.82787-15\\\/558445969_18098432215653799_8873611948820163713_n.jpg?stp=dst-jpg_e35_tt6&amp;_nc_cat=110&amp;ccb=7-5&amp;_nc_sid=18de74&amp;efg=eyJlZmdfdGFnIjoiRkVFRC5iZXN0X2ltYWdlX3VybGdlbi5DMyJ9&amp;_nc_ohc=d_QJydD7FmoQ7kNvwFUDEZI&amp;_nc_oc=AdoTu5QVzEN9fQvjuvzlZITaM-FKR1iMPcCA8vP4XYHQWep9ggIEwV27okXMqysTcO4&amp;_nc_zt=23&amp;_nc_ht=scontent-fra5-1.cdninstagram.com&amp;edm=ANo9K5cEAAAA&amp;_nc_gid=RVj3Z88YjriFf5tLeNU-Vg&amp;_nc_tpa=Q5bMBQEkPtM1SlwUcBdaJHMBmH39STzPKIzAHaDgbZ2mrCMpY3yimS-Of-gLaEQS1NzO6H-VCWzZiNZPvg&amp;oh=00_Af6nPZ5REZ9ZSNnywVkR7TpexuKuxx8Kk2CT7cUuJ1qm1w&amp;oe=69FA4B03&quot;,&quot;320&quot;:&quot;https:\\\/\\\/scontent-fra5-1.cdninstagram.com\\\/v\\\/t51.82787-15\\\/558445969_18098432215653799_8873611948820163713_n.jpg?stp=dst-jpg_e35_tt6&amp;_nc_cat=110&amp;ccb=7-5&amp;_nc_sid=18de74&amp;efg=eyJlZmdfdGFnIjoiRkVFRC5iZXN0X2ltYWdlX3VybGdlbi5DMyJ9&amp;_nc_ohc=d_QJydD7FmoQ7kNvwFUDEZI&amp;_nc_oc=AdoTu5QVzEN9fQvjuvzlZITaM-FKR1iMPcCA8vP4XYHQWep9ggIEwV27okXMqysTcO4&amp;_nc_zt=23&amp;_nc_ht=scontent-fra5-1.cdninstagram.com&amp;edm=ANo9K5cEAAAA&amp;_nc_gid=RVj3Z88YjriFf5tLeNU-Vg&amp;_nc_tpa=Q5bMBQEkPtM1SlwUcBdaJHMBmH39STzPKIzAHaDgbZ2mrCMpY3yimS-Of-gLaEQS1NzO6H-VCWzZiNZPvg&amp;oh=00_Af6nPZ5REZ9ZSNnywVkR7TpexuKuxx8Kk2CT7cUuJ1qm1w&amp;oe=69FA4B03&quot;,&quot;640&quot;:&quot;https:\\\/\\\/scontent-fra5-1.cdninstagram.com\\\/v\\\/t51.82787-15\\\/558445969_18098432215653799_8873611948820163713_n.jpg?stp=dst-jpg_e35_tt6&amp;_nc_cat=110&amp;ccb=7-5&amp;_nc_sid=18de74&amp;efg=eyJlZmdfdGFnIjoiRkVFRC5iZXN0X2ltYWdlX3VybGdlbi5DMyJ9&amp;_nc_ohc=d_QJydD7FmoQ7kNvwFUDEZI&amp;_nc_oc=AdoTu5QVzEN9fQvjuvzlZITaM-FKR1iMPcCA8vP4XYHQWep9ggIEwV27okXMqysTcO4&amp;_nc_zt=23&amp;_nc_ht=scontent-fra5-1.cdninstagram.com&amp;edm=ANo9K5cEAAAA&amp;_nc_gid=RVj3Z88YjriFf5tLeNU-Vg&amp;_nc_tpa=Q5bMBQEkPtM1SlwUcBdaJHMBmH39STzPKIzAHaDgbZ2mrCMpY3yimS-Of-gLaEQS1NzO6H-VCWzZiNZPvg&amp;oh=00_Af6nPZ5REZ9ZSNnywVkR7TpexuKuxx8Kk2CT7cUuJ1qm1w&amp;oe=69FA4B03&quot;}\">\n\t\t\t<span class=\"sbi-screenreader\">Auch in diesem Jahr findet wieder unsere tradition<\/span>\n\t\t\t\t\t\t\t\t\t<img decoding=\"async\" src=\"https:\/\/kulturgemeinschaft-empfingen.info\/wp-content\/plugins\/instagram-feed\/img\/placeholder.png\" alt=\"Auch in diesem Jahr findet wieder unsere traditionelle Kirbe statt! \ud83c\udf41Fr\u00fchshoppen mit dem @musikverein_empfingen \ud83c\udfba Mittags f\u00fchrt die Kulturgemeinschaft durch das Programm mit der Trachtengruppe und der Trachtenkapelle \ud83d\ude0a\" aria-hidden=\"true\">\n\t\t<\/a>\n\t<\/div>\n<\/div><div class=\"sbi_item sbi_type_carousel sbi_new sbi_transition\"\n\tid=\"sbi_17918606802109635\" data-date=\"1753472291\">\n\t<div class=\"sbi_photo_wrap\">\n\t\t<a class=\"sbi_photo\" href=\"https:\/\/www.instagram.com\/p\/DMivN1foPN3\/\" target=\"_blank\" rel=\"noopener nofollow\"\n\t\t\tdata-full-res=\"https:\/\/scontent-fra5-2.cdninstagram.com\/v\/t51.82787-15\/523628831_18091603906653799_4801244432345140723_n.jpg?stp=dst-jpg_e35_tt6&#038;_nc_cat=109&#038;ccb=7-5&#038;_nc_sid=18de74&#038;efg=eyJlZmdfdGFnIjoiQ0FST1VTRUxfSVRFTS5iZXN0X2ltYWdlX3VybGdlbi5DMyJ9&#038;_nc_ohc=3BURCKA-U5wQ7kNvwGwc8Us&#038;_nc_oc=Adp3M5q64t_P5aVSrI1wfE7CQdRQMPnHkfBVLiB53fT2kBDZe_LgBasPpC7HCEqa4MI&#038;_nc_zt=23&#038;_nc_ht=scontent-fra5-2.cdninstagram.com&#038;edm=ANo9K5cEAAAA&#038;_nc_gid=RVj3Z88YjriFf5tLeNU-Vg&#038;_nc_tpa=Q5bMBQETv_v6ku4KCcXhmTYfcA3uplPpUCTq0ex9D65id2kpWBC9BxeezhjzME5qW_GGLauxRxNtS53Ung&#038;oh=00_Af59HfoL02fdHs7OsvdWVpNbZLv_tKijqvi9llFmelwheQ&#038;oe=69FA4FF5\"\n\t\t\tdata-img-src-set=\"{&quot;d&quot;:&quot;https:\\\/\\\/scontent-fra5-2.cdninstagram.com\\\/v\\\/t51.82787-15\\\/523628831_18091603906653799_4801244432345140723_n.jpg?stp=dst-jpg_e35_tt6&amp;_nc_cat=109&amp;ccb=7-5&amp;_nc_sid=18de74&amp;efg=eyJlZmdfdGFnIjoiQ0FST1VTRUxfSVRFTS5iZXN0X2ltYWdlX3VybGdlbi5DMyJ9&amp;_nc_ohc=3BURCKA-U5wQ7kNvwGwc8Us&amp;_nc_oc=Adp3M5q64t_P5aVSrI1wfE7CQdRQMPnHkfBVLiB53fT2kBDZe_LgBasPpC7HCEqa4MI&amp;_nc_zt=23&amp;_nc_ht=scontent-fra5-2.cdninstagram.com&amp;edm=ANo9K5cEAAAA&amp;_nc_gid=RVj3Z88YjriFf5tLeNU-Vg&amp;_nc_tpa=Q5bMBQETv_v6ku4KCcXhmTYfcA3uplPpUCTq0ex9D65id2kpWBC9BxeezhjzME5qW_GGLauxRxNtS53Ung&amp;oh=00_Af59HfoL02fdHs7OsvdWVpNbZLv_tKijqvi9llFmelwheQ&amp;oe=69FA4FF5&quot;,&quot;150&quot;:&quot;https:\\\/\\\/scontent-fra5-2.cdninstagram.com\\\/v\\\/t51.82787-15\\\/523628831_18091603906653799_4801244432345140723_n.jpg?stp=dst-jpg_e35_tt6&amp;_nc_cat=109&amp;ccb=7-5&amp;_nc_sid=18de74&amp;efg=eyJlZmdfdGFnIjoiQ0FST1VTRUxfSVRFTS5iZXN0X2ltYWdlX3VybGdlbi5DMyJ9&amp;_nc_ohc=3BURCKA-U5wQ7kNvwGwc8Us&amp;_nc_oc=Adp3M5q64t_P5aVSrI1wfE7CQdRQMPnHkfBVLiB53fT2kBDZe_LgBasPpC7HCEqa4MI&amp;_nc_zt=23&amp;_nc_ht=scontent-fra5-2.cdninstagram.com&amp;edm=ANo9K5cEAAAA&amp;_nc_gid=RVj3Z88YjriFf5tLeNU-Vg&amp;_nc_tpa=Q5bMBQETv_v6ku4KCcXhmTYfcA3uplPpUCTq0ex9D65id2kpWBC9BxeezhjzME5qW_GGLauxRxNtS53Ung&amp;oh=00_Af59HfoL02fdHs7OsvdWVpNbZLv_tKijqvi9llFmelwheQ&amp;oe=69FA4FF5&quot;,&quot;320&quot;:&quot;https:\\\/\\\/scontent-fra5-2.cdninstagram.com\\\/v\\\/t51.82787-15\\\/523628831_18091603906653799_4801244432345140723_n.jpg?stp=dst-jpg_e35_tt6&amp;_nc_cat=109&amp;ccb=7-5&amp;_nc_sid=18de74&amp;efg=eyJlZmdfdGFnIjoiQ0FST1VTRUxfSVRFTS5iZXN0X2ltYWdlX3VybGdlbi5DMyJ9&amp;_nc_ohc=3BURCKA-U5wQ7kNvwGwc8Us&amp;_nc_oc=Adp3M5q64t_P5aVSrI1wfE7CQdRQMPnHkfBVLiB53fT2kBDZe_LgBasPpC7HCEqa4MI&amp;_nc_zt=23&amp;_nc_ht=scontent-fra5-2.cdninstagram.com&amp;edm=ANo9K5cEAAAA&amp;_nc_gid=RVj3Z88YjriFf5tLeNU-Vg&amp;_nc_tpa=Q5bMBQETv_v6ku4KCcXhmTYfcA3uplPpUCTq0ex9D65id2kpWBC9BxeezhjzME5qW_GGLauxRxNtS53Ung&amp;oh=00_Af59HfoL02fdHs7OsvdWVpNbZLv_tKijqvi9llFmelwheQ&amp;oe=69FA4FF5&quot;,&quot;640&quot;:&quot;https:\\\/\\\/scontent-fra5-2.cdninstagram.com\\\/v\\\/t51.82787-15\\\/523628831_18091603906653799_4801244432345140723_n.jpg?stp=dst-jpg_e35_tt6&amp;_nc_cat=109&amp;ccb=7-5&amp;_nc_sid=18de74&amp;efg=eyJlZmdfdGFnIjoiQ0FST1VTRUxfSVRFTS5iZXN0X2ltYWdlX3VybGdlbi5DMyJ9&amp;_nc_ohc=3BURCKA-U5wQ7kNvwGwc8Us&amp;_nc_oc=Adp3M5q64t_P5aVSrI1wfE7CQdRQMPnHkfBVLiB53fT2kBDZe_LgBasPpC7HCEqa4MI&amp;_nc_zt=23&amp;_nc_ht=scontent-fra5-2.cdninstagram.com&amp;edm=ANo9K5cEAAAA&amp;_nc_gid=RVj3Z88YjriFf5tLeNU-Vg&amp;_nc_tpa=Q5bMBQETv_v6ku4KCcXhmTYfcA3uplPpUCTq0ex9D65id2kpWBC9BxeezhjzME5qW_GGLauxRxNtS53Ung&amp;oh=00_Af59HfoL02fdHs7OsvdWVpNbZLv_tKijqvi9llFmelwheQ&amp;oe=69FA4FF5&quot;}\">\n\t\t\t<span class=\"sbi-screenreader\">40 Jahre Freundschaft Empfingen - Miske! \nAm Mittw<\/span>\n\t\t\t<svg class=\"svg-inline--fa fa-clone fa-w-16 sbi_lightbox_carousel_icon\" aria-hidden=\"true\" aria-label=\"Clone\" data-fa-pro\u0192cessed=\"\" data-prefix=\"far\" data-icon=\"clone\" role=\"img\" xmlns=\"http:\/\/www.w3.org\/2000\/svg\" viewBox=\"0 0 512 512\">\n                    <path fill=\"currentColor\" d=\"M464 0H144c-26.51 0-48 21.49-48 48v48H48c-26.51 0-48 21.49-48 48v320c0 26.51 21.49 48 48 48h320c26.51 0 48-21.49 48-48v-48h48c26.51 0 48-21.49 48-48V48c0-26.51-21.49-48-48-48zM362 464H54a6 6 0 0 1-6-6V150a6 6 0 0 1 6-6h42v224c0 26.51 21.49 48 48 48h224v42a6 6 0 0 1-6 6zm96-96H150a6 6 0 0 1-6-6V54a6 6 0 0 1 6-6h308a6 6 0 0 1 6 6v308a6 6 0 0 1-6 6z\"><\/path>\n                <\/svg>\t\t\t\t\t\t<img decoding=\"async\" src=\"https:\/\/kulturgemeinschaft-empfingen.info\/wp-content\/plugins\/instagram-feed\/img\/placeholder.png\" alt=\"40 Jahre Freundschaft Empfingen - Miske! \nAm Mittwochabend startete eine Delegation der Trachtenkapelle Empfingen in Richtung Ungarn. \ud83c\udded\ud83c\uddfa \ud83e\udd73 \nEine Partnerschaft die seit 40 Jahren besteht!\" aria-hidden=\"true\">\n\t\t<\/a>\n\t<\/div>\n<\/div><div class=\"sbi_item sbi_type_image sbi_new sbi_transition\"\n\tid=\"sbi_17870777397263990\" data-date=\"1746605184\">\n\t<div class=\"sbi_photo_wrap\">\n\t\t<a class=\"sbi_photo\" href=\"https:\/\/www.instagram.com\/p\/DJWFP4toGcU\/\" target=\"_blank\" rel=\"noopener nofollow\"\n\t\t\tdata-full-res=\"https:\/\/scontent-fra3-1.cdninstagram.com\/v\/t51.75761-15\/495435265_18084422500653799_4566789607305088043_n.jpg?stp=dst-jpg_e35_tt6&#038;_nc_cat=103&#038;ccb=7-5&#038;_nc_sid=18de74&#038;efg=eyJlZmdfdGFnIjoiRkVFRC5iZXN0X2ltYWdlX3VybGdlbi5DMyJ9&#038;_nc_ohc=Vt-OaSTAC3cQ7kNvwFG1_lL&#038;_nc_oc=Adrwp7A5F013JFKV59Y-Y_a-Ig1chl7C7_W7YZ3PB-S8chqcrZ_bQA1i4f6DY4ZcZwE&#038;_nc_zt=23&#038;_nc_ht=scontent-fra3-1.cdninstagram.com&#038;edm=ANo9K5cEAAAA&#038;_nc_gid=RVj3Z88YjriFf5tLeNU-Vg&#038;_nc_tpa=Q5bMBQG0UkA_RlKWmPqn5fhKbMajAAR9ekc1YCFTFhLb84C4frwA6aORhmrMCFWsgOJ45CpOx0VLvUEFWw&#038;oh=00_Af4AsTAQqUElAV2Nkn1pBc1g51FvivqYhRLMBt-0gauvuQ&#038;oe=69FA4103\"\n\t\t\tdata-img-src-set=\"{&quot;d&quot;:&quot;https:\\\/\\\/scontent-fra3-1.cdninstagram.com\\\/v\\\/t51.75761-15\\\/495435265_18084422500653799_4566789607305088043_n.jpg?stp=dst-jpg_e35_tt6&amp;_nc_cat=103&amp;ccb=7-5&amp;_nc_sid=18de74&amp;efg=eyJlZmdfdGFnIjoiRkVFRC5iZXN0X2ltYWdlX3VybGdlbi5DMyJ9&amp;_nc_ohc=Vt-OaSTAC3cQ7kNvwFG1_lL&amp;_nc_oc=Adrwp7A5F013JFKV59Y-Y_a-Ig1chl7C7_W7YZ3PB-S8chqcrZ_bQA1i4f6DY4ZcZwE&amp;_nc_zt=23&amp;_nc_ht=scontent-fra3-1.cdninstagram.com&amp;edm=ANo9K5cEAAAA&amp;_nc_gid=RVj3Z88YjriFf5tLeNU-Vg&amp;_nc_tpa=Q5bMBQG0UkA_RlKWmPqn5fhKbMajAAR9ekc1YCFTFhLb84C4frwA6aORhmrMCFWsgOJ45CpOx0VLvUEFWw&amp;oh=00_Af4AsTAQqUElAV2Nkn1pBc1g51FvivqYhRLMBt-0gauvuQ&amp;oe=69FA4103&quot;,&quot;150&quot;:&quot;https:\\\/\\\/scontent-fra3-1.cdninstagram.com\\\/v\\\/t51.75761-15\\\/495435265_18084422500653799_4566789607305088043_n.jpg?stp=dst-jpg_e35_tt6&amp;_nc_cat=103&amp;ccb=7-5&amp;_nc_sid=18de74&amp;efg=eyJlZmdfdGFnIjoiRkVFRC5iZXN0X2ltYWdlX3VybGdlbi5DMyJ9&amp;_nc_ohc=Vt-OaSTAC3cQ7kNvwFG1_lL&amp;_nc_oc=Adrwp7A5F013JFKV59Y-Y_a-Ig1chl7C7_W7YZ3PB-S8chqcrZ_bQA1i4f6DY4ZcZwE&amp;_nc_zt=23&amp;_nc_ht=scontent-fra3-1.cdninstagram.com&amp;edm=ANo9K5cEAAAA&amp;_nc_gid=RVj3Z88YjriFf5tLeNU-Vg&amp;_nc_tpa=Q5bMBQG0UkA_RlKWmPqn5fhKbMajAAR9ekc1YCFTFhLb84C4frwA6aORhmrMCFWsgOJ45CpOx0VLvUEFWw&amp;oh=00_Af4AsTAQqUElAV2Nkn1pBc1g51FvivqYhRLMBt-0gauvuQ&amp;oe=69FA4103&quot;,&quot;320&quot;:&quot;https:\\\/\\\/scontent-fra3-1.cdninstagram.com\\\/v\\\/t51.75761-15\\\/495435265_18084422500653799_4566789607305088043_n.jpg?stp=dst-jpg_e35_tt6&amp;_nc_cat=103&amp;ccb=7-5&amp;_nc_sid=18de74&amp;efg=eyJlZmdfdGFnIjoiRkVFRC5iZXN0X2ltYWdlX3VybGdlbi5DMyJ9&amp;_nc_ohc=Vt-OaSTAC3cQ7kNvwFG1_lL&amp;_nc_oc=Adrwp7A5F013JFKV59Y-Y_a-Ig1chl7C7_W7YZ3PB-S8chqcrZ_bQA1i4f6DY4ZcZwE&amp;_nc_zt=23&amp;_nc_ht=scontent-fra3-1.cdninstagram.com&amp;edm=ANo9K5cEAAAA&amp;_nc_gid=RVj3Z88YjriFf5tLeNU-Vg&amp;_nc_tpa=Q5bMBQG0UkA_RlKWmPqn5fhKbMajAAR9ekc1YCFTFhLb84C4frwA6aORhmrMCFWsgOJ45CpOx0VLvUEFWw&amp;oh=00_Af4AsTAQqUElAV2Nkn1pBc1g51FvivqYhRLMBt-0gauvuQ&amp;oe=69FA4103&quot;,&quot;640&quot;:&quot;https:\\\/\\\/scontent-fra3-1.cdninstagram.com\\\/v\\\/t51.75761-15\\\/495435265_18084422500653799_4566789607305088043_n.jpg?stp=dst-jpg_e35_tt6&amp;_nc_cat=103&amp;ccb=7-5&amp;_nc_sid=18de74&amp;efg=eyJlZmdfdGFnIjoiRkVFRC5iZXN0X2ltYWdlX3VybGdlbi5DMyJ9&amp;_nc_ohc=Vt-OaSTAC3cQ7kNvwFG1_lL&amp;_nc_oc=Adrwp7A5F013JFKV59Y-Y_a-Ig1chl7C7_W7YZ3PB-S8chqcrZ_bQA1i4f6DY4ZcZwE&amp;_nc_zt=23&amp;_nc_ht=scontent-fra3-1.cdninstagram.com&amp;edm=ANo9K5cEAAAA&amp;_nc_gid=RVj3Z88YjriFf5tLeNU-Vg&amp;_nc_tpa=Q5bMBQG0UkA_RlKWmPqn5fhKbMajAAR9ekc1YCFTFhLb84C4frwA6aORhmrMCFWsgOJ45CpOx0VLvUEFWw&amp;oh=00_Af4AsTAQqUElAV2Nkn1pBc1g51FvivqYhRLMBt-0gauvuQ&amp;oe=69FA4103&quot;}\">\n\t\t\t<span class=\"sbi-screenreader\">Ausschuss der Kulturgemeinschaft Empfingen e.V. Am<\/span>\n\t\t\t\t\t\t\t\t\t<img decoding=\"async\" src=\"https:\/\/kulturgemeinschaft-empfingen.info\/wp-content\/plugins\/instagram-feed\/img\/placeholder.png\" alt=\"Ausschuss der Kulturgemeinschaft Empfingen e.V. Am 25. April fand die diesj\u00e4hrige Hauptversammlung im Zunftheim statt.\ud83d\ude0a\nv.R.: Timo Gfr\u00f6rer, Fabian Walter, Carolin Walter, Patrick Kolb, Dennis Drewing\nm.R.: Markus Lehmann, Kay Raff, Florian Lutz, Maren Warnke, Julian K\u00e4mpf, Kay Stehle, Willy Brindle, Tamina Deufel\nh.R.: Klaus Warnke, Sven Warnke, Andy Hauser, Feli Lopez, Julia Ganion, Lukas Bossenmaier\nEs fehlt: Jana Gfr\u00f6rer, David Walter (2x) und Daniel Ganion, Anika Majewski\" aria-hidden=\"true\">\n\t\t<\/a>\n\t<\/div>\n<\/div><div class=\"sbi_item sbi_type_carousel sbi_new sbi_transition\"\n\tid=\"sbi_18055411457495519\" data-date=\"1738256988\">\n\t<div class=\"sbi_photo_wrap\">\n\t\t<a class=\"sbi_photo\" href=\"https:\/\/www.instagram.com\/p\/DFdSVAjogOU\/\" target=\"_blank\" rel=\"noopener nofollow\"\n\t\t\tdata-full-res=\"https:\/\/scontent-fra5-1.cdninstagram.com\/v\/t51.75761-15\/475203396_18075677824653799_8590616229916692602_n.jpg?stp=dst-jpg_e35_tt6&#038;_nc_cat=110&#038;ccb=7-5&#038;_nc_sid=18de74&#038;efg=eyJlZmdfdGFnIjoiQ0FST1VTRUxfSVRFTS5iZXN0X2ltYWdlX3VybGdlbi5DMyJ9&#038;_nc_ohc=s9-YNFt0Tf0Q7kNvwEEQy7E&#038;_nc_oc=AdpmCVbZW-zKbmNNe0Qf_JgkcJtSFedys9XJnL_kkfQrmYi4DL0niRQ4TUpYehK3Abw&#038;_nc_zt=23&#038;_nc_ht=scontent-fra5-1.cdninstagram.com&#038;edm=ANo9K5cEAAAA&#038;_nc_gid=RVj3Z88YjriFf5tLeNU-Vg&#038;_nc_tpa=Q5bMBQHqnQblLUg75QFDMsSEUQExDXMTtYwe6UbiQfZbKyz2HsYkrqUmbt1Y5AfksaE3LbweG1Gj0X-AwA&#038;oh=00_Af4hfnTF9wa2Tlw1oYP0o5dC-L1SFkzUi47McWmKqxPXng&#038;oe=69FA526E\"\n\t\t\tdata-img-src-set=\"{&quot;d&quot;:&quot;https:\\\/\\\/scontent-fra5-1.cdninstagram.com\\\/v\\\/t51.75761-15\\\/475203396_18075677824653799_8590616229916692602_n.jpg?stp=dst-jpg_e35_tt6&amp;_nc_cat=110&amp;ccb=7-5&amp;_nc_sid=18de74&amp;efg=eyJlZmdfdGFnIjoiQ0FST1VTRUxfSVRFTS5iZXN0X2ltYWdlX3VybGdlbi5DMyJ9&amp;_nc_ohc=s9-YNFt0Tf0Q7kNvwEEQy7E&amp;_nc_oc=AdpmCVbZW-zKbmNNe0Qf_JgkcJtSFedys9XJnL_kkfQrmYi4DL0niRQ4TUpYehK3Abw&amp;_nc_zt=23&amp;_nc_ht=scontent-fra5-1.cdninstagram.com&amp;edm=ANo9K5cEAAAA&amp;_nc_gid=RVj3Z88YjriFf5tLeNU-Vg&amp;_nc_tpa=Q5bMBQHqnQblLUg75QFDMsSEUQExDXMTtYwe6UbiQfZbKyz2HsYkrqUmbt1Y5AfksaE3LbweG1Gj0X-AwA&amp;oh=00_Af4hfnTF9wa2Tlw1oYP0o5dC-L1SFkzUi47McWmKqxPXng&amp;oe=69FA526E&quot;,&quot;150&quot;:&quot;https:\\\/\\\/scontent-fra5-1.cdninstagram.com\\\/v\\\/t51.75761-15\\\/475203396_18075677824653799_8590616229916692602_n.jpg?stp=dst-jpg_e35_tt6&amp;_nc_cat=110&amp;ccb=7-5&amp;_nc_sid=18de74&amp;efg=eyJlZmdfdGFnIjoiQ0FST1VTRUxfSVRFTS5iZXN0X2ltYWdlX3VybGdlbi5DMyJ9&amp;_nc_ohc=s9-YNFt0Tf0Q7kNvwEEQy7E&amp;_nc_oc=AdpmCVbZW-zKbmNNe0Qf_JgkcJtSFedys9XJnL_kkfQrmYi4DL0niRQ4TUpYehK3Abw&amp;_nc_zt=23&amp;_nc_ht=scontent-fra5-1.cdninstagram.com&amp;edm=ANo9K5cEAAAA&amp;_nc_gid=RVj3Z88YjriFf5tLeNU-Vg&amp;_nc_tpa=Q5bMBQHqnQblLUg75QFDMsSEUQExDXMTtYwe6UbiQfZbKyz2HsYkrqUmbt1Y5AfksaE3LbweG1Gj0X-AwA&amp;oh=00_Af4hfnTF9wa2Tlw1oYP0o5dC-L1SFkzUi47McWmKqxPXng&amp;oe=69FA526E&quot;,&quot;320&quot;:&quot;https:\\\/\\\/scontent-fra5-1.cdninstagram.com\\\/v\\\/t51.75761-15\\\/475203396_18075677824653799_8590616229916692602_n.jpg?stp=dst-jpg_e35_tt6&amp;_nc_cat=110&amp;ccb=7-5&amp;_nc_sid=18de74&amp;efg=eyJlZmdfdGFnIjoiQ0FST1VTRUxfSVRFTS5iZXN0X2ltYWdlX3VybGdlbi5DMyJ9&amp;_nc_ohc=s9-YNFt0Tf0Q7kNvwEEQy7E&amp;_nc_oc=AdpmCVbZW-zKbmNNe0Qf_JgkcJtSFedys9XJnL_kkfQrmYi4DL0niRQ4TUpYehK3Abw&amp;_nc_zt=23&amp;_nc_ht=scontent-fra5-1.cdninstagram.com&amp;edm=ANo9K5cEAAAA&amp;_nc_gid=RVj3Z88YjriFf5tLeNU-Vg&amp;_nc_tpa=Q5bMBQHqnQblLUg75QFDMsSEUQExDXMTtYwe6UbiQfZbKyz2HsYkrqUmbt1Y5AfksaE3LbweG1Gj0X-AwA&amp;oh=00_Af4hfnTF9wa2Tlw1oYP0o5dC-L1SFkzUi47McWmKqxPXng&amp;oe=69FA526E&quot;,&quot;640&quot;:&quot;https:\\\/\\\/scontent-fra5-1.cdninstagram.com\\\/v\\\/t51.75761-15\\\/475203396_18075677824653799_8590616229916692602_n.jpg?stp=dst-jpg_e35_tt6&amp;_nc_cat=110&amp;ccb=7-5&amp;_nc_sid=18de74&amp;efg=eyJlZmdfdGFnIjoiQ0FST1VTRUxfSVRFTS5iZXN0X2ltYWdlX3VybGdlbi5DMyJ9&amp;_nc_ohc=s9-YNFt0Tf0Q7kNvwEEQy7E&amp;_nc_oc=AdpmCVbZW-zKbmNNe0Qf_JgkcJtSFedys9XJnL_kkfQrmYi4DL0niRQ4TUpYehK3Abw&amp;_nc_zt=23&amp;_nc_ht=scontent-fra5-1.cdninstagram.com&amp;edm=ANo9K5cEAAAA&amp;_nc_gid=RVj3Z88YjriFf5tLeNU-Vg&amp;_nc_tpa=Q5bMBQHqnQblLUg75QFDMsSEUQExDXMTtYwe6UbiQfZbKyz2HsYkrqUmbt1Y5AfksaE3LbweG1Gj0X-AwA&amp;oh=00_Af4hfnTF9wa2Tlw1oYP0o5dC-L1SFkzUi47McWmKqxPXng&amp;oe=69FA526E&quot;}\">\n\t\t\t<span class=\"sbi-screenreader\">Wie jedes Jahr wird die E\u2018pfenger Fasnet mit dem<\/span>\n\t\t\t<svg class=\"svg-inline--fa fa-clone fa-w-16 sbi_lightbox_carousel_icon\" aria-hidden=\"true\" aria-label=\"Clone\" data-fa-pro\u0192cessed=\"\" data-prefix=\"far\" data-icon=\"clone\" role=\"img\" xmlns=\"http:\/\/www.w3.org\/2000\/svg\" viewBox=\"0 0 512 512\">\n                    <path fill=\"currentColor\" d=\"M464 0H144c-26.51 0-48 21.49-48 48v48H48c-26.51 0-48 21.49-48 48v320c0 26.51 21.49 48 48 48h320c26.51 0 48-21.49 48-48v-48h48c26.51 0 48-21.49 48-48V48c0-26.51-21.49-48-48-48zM362 464H54a6 6 0 0 1-6-6V150a6 6 0 0 1 6-6h42v224c0 26.51 21.49 48 48 48h224v42a6 6 0 0 1-6 6zm96-96H150a6 6 0 0 1-6-6V54a6 6 0 0 1 6-6h308a6 6 0 0 1 6 6v308a6 6 0 0 1-6 6z\"><\/path>\n                <\/svg>\t\t\t\t\t\t<img decoding=\"async\" src=\"https:\/\/kulturgemeinschaft-empfingen.info\/wp-content\/plugins\/instagram-feed\/img\/placeholder.png\" alt=\"Wie jedes Jahr wird die E\u2018pfenger Fasnet mit dem Bunten Abend eingel\u00e4utet. \nGefolgt vom Kinderball am Fasnetsamstag und vom traditionellen Umzug \u201eNei da Flegga\u201c am Fasnetssonntag. Wir freuen uns auch in diesem Jahr \u00fcber zahlreiche Besucher! \ud83c\udfad\" aria-hidden=\"true\">\n\t\t<\/a>\n\t<\/div>\n<\/div><div class=\"sbi_item sbi_type_image sbi_new sbi_transition\"\n\tid=\"sbi_18076236523609100\" data-date=\"1733327505\">\n\t<div class=\"sbi_photo_wrap\">\n\t\t<a class=\"sbi_photo\" href=\"https:\/\/www.instagram.com\/p\/DDKYFkWIgzd\/\" target=\"_blank\" rel=\"noopener nofollow\"\n\t\t\tdata-full-res=\"https:\/\/scontent-fra5-1.cdninstagram.com\/v\/t51.75761-15\/469031683_18070125424653799_8986242441882792507_n.jpg?stp=dst-jpg_e35_tt6&#038;_nc_cat=110&#038;ccb=7-5&#038;_nc_sid=18de74&#038;efg=eyJlZmdfdGFnIjoiRkVFRC5iZXN0X2ltYWdlX3VybGdlbi5DMyJ9&#038;_nc_ohc=hx4V7YwlWDsQ7kNvwFkXtH-&#038;_nc_oc=Adpce1XHfJ2FEUH9dy2DCwxBlQC_f3yOT8Qvyj7Le8SWTz9eFIDQ6wYbrySP96w35MA&#038;_nc_zt=23&#038;_nc_ht=scontent-fra5-1.cdninstagram.com&#038;edm=ANo9K5cEAAAA&#038;_nc_gid=RVj3Z88YjriFf5tLeNU-Vg&#038;_nc_tpa=Q5bMBQFh4t2kJo7RAbXRJPVnFwfIY4pYHFScEK2Fwx7Vf_9NthuwqRau5gzYaaflgXa3wKTiDA7FTg2WTw&#038;oh=00_Af4bKApg95Nv1ChiiLpaTGyX78IPG6KhEtNuRMXBN8aFlQ&#038;oe=69FA500F\"\n\t\t\tdata-img-src-set=\"{&quot;d&quot;:&quot;https:\\\/\\\/scontent-fra5-1.cdninstagram.com\\\/v\\\/t51.75761-15\\\/469031683_18070125424653799_8986242441882792507_n.jpg?stp=dst-jpg_e35_tt6&amp;_nc_cat=110&amp;ccb=7-5&amp;_nc_sid=18de74&amp;efg=eyJlZmdfdGFnIjoiRkVFRC5iZXN0X2ltYWdlX3VybGdlbi5DMyJ9&amp;_nc_ohc=hx4V7YwlWDsQ7kNvwFkXtH-&amp;_nc_oc=Adpce1XHfJ2FEUH9dy2DCwxBlQC_f3yOT8Qvyj7Le8SWTz9eFIDQ6wYbrySP96w35MA&amp;_nc_zt=23&amp;_nc_ht=scontent-fra5-1.cdninstagram.com&amp;edm=ANo9K5cEAAAA&amp;_nc_gid=RVj3Z88YjriFf5tLeNU-Vg&amp;_nc_tpa=Q5bMBQFh4t2kJo7RAbXRJPVnFwfIY4pYHFScEK2Fwx7Vf_9NthuwqRau5gzYaaflgXa3wKTiDA7FTg2WTw&amp;oh=00_Af4bKApg95Nv1ChiiLpaTGyX78IPG6KhEtNuRMXBN8aFlQ&amp;oe=69FA500F&quot;,&quot;150&quot;:&quot;https:\\\/\\\/scontent-fra5-1.cdninstagram.com\\\/v\\\/t51.75761-15\\\/469031683_18070125424653799_8986242441882792507_n.jpg?stp=dst-jpg_e35_tt6&amp;_nc_cat=110&amp;ccb=7-5&amp;_nc_sid=18de74&amp;efg=eyJlZmdfdGFnIjoiRkVFRC5iZXN0X2ltYWdlX3VybGdlbi5DMyJ9&amp;_nc_ohc=hx4V7YwlWDsQ7kNvwFkXtH-&amp;_nc_oc=Adpce1XHfJ2FEUH9dy2DCwxBlQC_f3yOT8Qvyj7Le8SWTz9eFIDQ6wYbrySP96w35MA&amp;_nc_zt=23&amp;_nc_ht=scontent-fra5-1.cdninstagram.com&amp;edm=ANo9K5cEAAAA&amp;_nc_gid=RVj3Z88YjriFf5tLeNU-Vg&amp;_nc_tpa=Q5bMBQFh4t2kJo7RAbXRJPVnFwfIY4pYHFScEK2Fwx7Vf_9NthuwqRau5gzYaaflgXa3wKTiDA7FTg2WTw&amp;oh=00_Af4bKApg95Nv1ChiiLpaTGyX78IPG6KhEtNuRMXBN8aFlQ&amp;oe=69FA500F&quot;,&quot;320&quot;:&quot;https:\\\/\\\/scontent-fra5-1.cdninstagram.com\\\/v\\\/t51.75761-15\\\/469031683_18070125424653799_8986242441882792507_n.jpg?stp=dst-jpg_e35_tt6&amp;_nc_cat=110&amp;ccb=7-5&amp;_nc_sid=18de74&amp;efg=eyJlZmdfdGFnIjoiRkVFRC5iZXN0X2ltYWdlX3VybGdlbi5DMyJ9&amp;_nc_ohc=hx4V7YwlWDsQ7kNvwFkXtH-&amp;_nc_oc=Adpce1XHfJ2FEUH9dy2DCwxBlQC_f3yOT8Qvyj7Le8SWTz9eFIDQ6wYbrySP96w35MA&amp;_nc_zt=23&amp;_nc_ht=scontent-fra5-1.cdninstagram.com&amp;edm=ANo9K5cEAAAA&amp;_nc_gid=RVj3Z88YjriFf5tLeNU-Vg&amp;_nc_tpa=Q5bMBQFh4t2kJo7RAbXRJPVnFwfIY4pYHFScEK2Fwx7Vf_9NthuwqRau5gzYaaflgXa3wKTiDA7FTg2WTw&amp;oh=00_Af4bKApg95Nv1ChiiLpaTGyX78IPG6KhEtNuRMXBN8aFlQ&amp;oe=69FA500F&quot;,&quot;640&quot;:&quot;https:\\\/\\\/scontent-fra5-1.cdninstagram.com\\\/v\\\/t51.75761-15\\\/469031683_18070125424653799_8986242441882792507_n.jpg?stp=dst-jpg_e35_tt6&amp;_nc_cat=110&amp;ccb=7-5&amp;_nc_sid=18de74&amp;efg=eyJlZmdfdGFnIjoiRkVFRC5iZXN0X2ltYWdlX3VybGdlbi5DMyJ9&amp;_nc_ohc=hx4V7YwlWDsQ7kNvwFkXtH-&amp;_nc_oc=Adpce1XHfJ2FEUH9dy2DCwxBlQC_f3yOT8Qvyj7Le8SWTz9eFIDQ6wYbrySP96w35MA&amp;_nc_zt=23&amp;_nc_ht=scontent-fra5-1.cdninstagram.com&amp;edm=ANo9K5cEAAAA&amp;_nc_gid=RVj3Z88YjriFf5tLeNU-Vg&amp;_nc_tpa=Q5bMBQFh4t2kJo7RAbXRJPVnFwfIY4pYHFScEK2Fwx7Vf_9NthuwqRau5gzYaaflgXa3wKTiDA7FTg2WTw&amp;oh=00_Af4bKApg95Nv1ChiiLpaTGyX78IPG6KhEtNuRMXBN8aFlQ&amp;oe=69FA500F&quot;}\">\n\t\t\t<span class=\"sbi-screenreader\">We proudly present: Das neue Logo der Kulturgemein<\/span>\n\t\t\t\t\t\t\t\t\t<img decoding=\"async\" src=\"https:\/\/kulturgemeinschaft-empfingen.info\/wp-content\/plugins\/instagram-feed\/img\/placeholder.png\" alt=\"We proudly present: Das neue Logo der Kulturgemeinschaft Empfingen e.V. \ud83c\udfad\nDie drei wesentlichen S\u00e4ulen, die die Kulturgemeinschaft Empfingen ausmachen, sind die Trachtengruppe, Trachtenkapelle\/Zottla und die Narrenzunft. Dieses Logo vereint alle drei S\u00e4ulen zu einer Einheit. \n\nDesigned by: @wager_consulting\" aria-hidden=\"true\">\n\t\t<\/a>\n\t<\/div>\n<\/div><div class=\"sbi_item sbi_type_carousel sbi_new sbi_transition\"\n\tid=\"sbi_17971604123802318\" data-date=\"1733259148\">\n\t<div class=\"sbi_photo_wrap\">\n\t\t<a class=\"sbi_photo\" href=\"https:\/\/www.instagram.com\/p\/DDIVtGhIIzP\/\" target=\"_blank\" rel=\"noopener nofollow\"\n\t\t\tdata-full-res=\"https:\/\/scontent-fra3-1.cdninstagram.com\/v\/t51.82787-15\/670342290_18095558174116769_8228540653520688603_n.webp?stp=dst-jpg_e35_tt6&#038;_nc_cat=103&#038;ccb=7-5&#038;_nc_sid=18de74&#038;efg=eyJlZmdfdGFnIjoiQ0FST1VTRUxfSVRFTS5iZXN0X2ltYWdlX3VybGdlbi5DMyJ9&#038;_nc_ohc=6Q1ZHO3aelIQ7kNvwEoUQ4Y&#038;_nc_oc=AdphERDH2WoFpkkWafV-7GiadDC-j9aHjAglJzOQpLbUM2i9GFwD5myK2AFs23auaJA&#038;_nc_zt=23&#038;_nc_ht=scontent-fra3-1.cdninstagram.com&#038;edm=ANo9K5cEAAAA&#038;_nc_gid=RVj3Z88YjriFf5tLeNU-Vg&#038;_nc_tpa=Q5bMBQGuX2Ag3owxDJKS2m1KDZ1r1JPpQTGib0ivu1kuBifPzGfVFnqIKpX_ZZjuYtHeAAun3wse0GwFqw&#038;oh=00_Af7ptWnSe7lt896kazP-SRnWcgWSeIDShmAUvYSXVy_2Cg&#038;oe=69FA737D\"\n\t\t\tdata-img-src-set=\"{&quot;d&quot;:&quot;https:\\\/\\\/scontent-fra3-1.cdninstagram.com\\\/v\\\/t51.82787-15\\\/670342290_18095558174116769_8228540653520688603_n.webp?stp=dst-jpg_e35_tt6&amp;_nc_cat=103&amp;ccb=7-5&amp;_nc_sid=18de74&amp;efg=eyJlZmdfdGFnIjoiQ0FST1VTRUxfSVRFTS5iZXN0X2ltYWdlX3VybGdlbi5DMyJ9&amp;_nc_ohc=6Q1ZHO3aelIQ7kNvwEoUQ4Y&amp;_nc_oc=AdphERDH2WoFpkkWafV-7GiadDC-j9aHjAglJzOQpLbUM2i9GFwD5myK2AFs23auaJA&amp;_nc_zt=23&amp;_nc_ht=scontent-fra3-1.cdninstagram.com&amp;edm=ANo9K5cEAAAA&amp;_nc_gid=RVj3Z88YjriFf5tLeNU-Vg&amp;_nc_tpa=Q5bMBQGuX2Ag3owxDJKS2m1KDZ1r1JPpQTGib0ivu1kuBifPzGfVFnqIKpX_ZZjuYtHeAAun3wse0GwFqw&amp;oh=00_Af7ptWnSe7lt896kazP-SRnWcgWSeIDShmAUvYSXVy_2Cg&amp;oe=69FA737D&quot;,&quot;150&quot;:&quot;https:\\\/\\\/scontent-fra3-1.cdninstagram.com\\\/v\\\/t51.82787-15\\\/670342290_18095558174116769_8228540653520688603_n.webp?stp=dst-jpg_e35_tt6&amp;_nc_cat=103&amp;ccb=7-5&amp;_nc_sid=18de74&amp;efg=eyJlZmdfdGFnIjoiQ0FST1VTRUxfSVRFTS5iZXN0X2ltYWdlX3VybGdlbi5DMyJ9&amp;_nc_ohc=6Q1ZHO3aelIQ7kNvwEoUQ4Y&amp;_nc_oc=AdphERDH2WoFpkkWafV-7GiadDC-j9aHjAglJzOQpLbUM2i9GFwD5myK2AFs23auaJA&amp;_nc_zt=23&amp;_nc_ht=scontent-fra3-1.cdninstagram.com&amp;edm=ANo9K5cEAAAA&amp;_nc_gid=RVj3Z88YjriFf5tLeNU-Vg&amp;_nc_tpa=Q5bMBQGuX2Ag3owxDJKS2m1KDZ1r1JPpQTGib0ivu1kuBifPzGfVFnqIKpX_ZZjuYtHeAAun3wse0GwFqw&amp;oh=00_Af7ptWnSe7lt896kazP-SRnWcgWSeIDShmAUvYSXVy_2Cg&amp;oe=69FA737D&quot;,&quot;320&quot;:&quot;https:\\\/\\\/scontent-fra3-1.cdninstagram.com\\\/v\\\/t51.82787-15\\\/670342290_18095558174116769_8228540653520688603_n.webp?stp=dst-jpg_e35_tt6&amp;_nc_cat=103&amp;ccb=7-5&amp;_nc_sid=18de74&amp;efg=eyJlZmdfdGFnIjoiQ0FST1VTRUxfSVRFTS5iZXN0X2ltYWdlX3VybGdlbi5DMyJ9&amp;_nc_ohc=6Q1ZHO3aelIQ7kNvwEoUQ4Y&amp;_nc_oc=AdphERDH2WoFpkkWafV-7GiadDC-j9aHjAglJzOQpLbUM2i9GFwD5myK2AFs23auaJA&amp;_nc_zt=23&amp;_nc_ht=scontent-fra3-1.cdninstagram.com&amp;edm=ANo9K5cEAAAA&amp;_nc_gid=RVj3Z88YjriFf5tLeNU-Vg&amp;_nc_tpa=Q5bMBQGuX2Ag3owxDJKS2m1KDZ1r1JPpQTGib0ivu1kuBifPzGfVFnqIKpX_ZZjuYtHeAAun3wse0GwFqw&amp;oh=00_Af7ptWnSe7lt896kazP-SRnWcgWSeIDShmAUvYSXVy_2Cg&amp;oe=69FA737D&quot;,&quot;640&quot;:&quot;https:\\\/\\\/scontent-fra3-1.cdninstagram.com\\\/v\\\/t51.82787-15\\\/670342290_18095558174116769_8228540653520688603_n.webp?stp=dst-jpg_e35_tt6&amp;_nc_cat=103&amp;ccb=7-5&amp;_nc_sid=18de74&amp;efg=eyJlZmdfdGFnIjoiQ0FST1VTRUxfSVRFTS5iZXN0X2ltYWdlX3VybGdlbi5DMyJ9&amp;_nc_ohc=6Q1ZHO3aelIQ7kNvwEoUQ4Y&amp;_nc_oc=AdphERDH2WoFpkkWafV-7GiadDC-j9aHjAglJzOQpLbUM2i9GFwD5myK2AFs23auaJA&amp;_nc_zt=23&amp;_nc_ht=scontent-fra3-1.cdninstagram.com&amp;edm=ANo9K5cEAAAA&amp;_nc_gid=RVj3Z88YjriFf5tLeNU-Vg&amp;_nc_tpa=Q5bMBQGuX2Ag3owxDJKS2m1KDZ1r1JPpQTGib0ivu1kuBifPzGfVFnqIKpX_ZZjuYtHeAAun3wse0GwFqw&amp;oh=00_Af7ptWnSe7lt896kazP-SRnWcgWSeIDShmAUvYSXVy_2Cg&amp;oe=69FA737D&quot;}\">\n\t\t\t<span class=\"sbi-screenreader\">Gestern bekam unsere Trachtenjugend bei ihrer Weih<\/span>\n\t\t\t<svg class=\"svg-inline--fa fa-clone fa-w-16 sbi_lightbox_carousel_icon\" aria-hidden=\"true\" aria-label=\"Clone\" data-fa-pro\u0192cessed=\"\" data-prefix=\"far\" data-icon=\"clone\" role=\"img\" xmlns=\"http:\/\/www.w3.org\/2000\/svg\" viewBox=\"0 0 512 512\">\n                    <path fill=\"currentColor\" d=\"M464 0H144c-26.51 0-48 21.49-48 48v48H48c-26.51 0-48 21.49-48 48v320c0 26.51 21.49 48 48 48h320c26.51 0 48-21.49 48-48v-48h48c26.51 0 48-21.49 48-48V48c0-26.51-21.49-48-48-48zM362 464H54a6 6 0 0 1-6-6V150a6 6 0 0 1 6-6h42v224c0 26.51 21.49 48 48 48h224v42a6 6 0 0 1-6 6zm96-96H150a6 6 0 0 1-6-6V54a6 6 0 0 1 6-6h308a6 6 0 0 1 6 6v308a6 6 0 0 1-6 6z\"><\/path>\n                <\/svg>\t\t\t\t\t\t<img decoding=\"async\" src=\"https:\/\/kulturgemeinschaft-empfingen.info\/wp-content\/plugins\/instagram-feed\/img\/placeholder.png\" alt=\"Gestern bekam unsere Trachtenjugend bei ihrer Weihnachtsfeier Besuch vom Nikolaus. Neben den Geschenken f\u00fcr die Kinder gab es auch ein Dankesch\u00f6n f\u00fcr die Tanzleiterinnen Susi und Anika. Vier der \u00fcber 50 Kinder durften wir bereits f\u00fcr f\u00fcnf Jahre aktives Tanzen ehren.\" aria-hidden=\"true\">\n\t\t<\/a>\n\t<\/div>\n<\/div><div class=\"sbi_item sbi_type_carousel sbi_new sbi_transition\"\n\tid=\"sbi_18183821386305651\" data-date=\"1726425300\">\n\t<div class=\"sbi_photo_wrap\">\n\t\t<a class=\"sbi_photo\" href=\"https:\/\/www.instagram.com\/p\/C_8rLOMI8Li\/\" target=\"_blank\" rel=\"noopener nofollow\"\n\t\t\tdata-full-res=\"https:\/\/scontent-fra5-1.cdninstagram.com\/v\/t39.30808-6\/459860949_18062145742653799_6880543452186576931_n.jpg?stp=dst-jpg_e35_tt6&#038;_nc_cat=100&#038;ccb=7-5&#038;_nc_sid=18de74&#038;efg=eyJlZmdfdGFnIjoiQ0FST1VTRUxfSVRFTS5iZXN0X2ltYWdlX3VybGdlbi5DMyJ9&#038;_nc_ohc=0of6xRPbh2MQ7kNvwHEQvS0&#038;_nc_oc=AdoQ4Ys_AkELBKUljUKgfPdDDXr0RT6Lc4WeBukKbzNSfHv8jU9iE8Q5Qlb86QVW2l8&#038;_nc_zt=23&#038;_nc_ht=scontent-fra5-1.cdninstagram.com&#038;edm=ANo9K5cEAAAA&#038;_nc_gid=RVj3Z88YjriFf5tLeNU-Vg&#038;_nc_tpa=Q5bMBQFtiWhnSBGFAQ1wexysGBVbv5TPC6EQ5pfrE0VDxxv-H-9ZxuybOV-RJ3yETGmiDSKp_NAPM0Xzrg&#038;oh=00_Af4AM0LcXaoRH9_NfET5thMV0CSVavFtiOQolprBPxyfHA&#038;oe=69FA6BC7\"\n\t\t\tdata-img-src-set=\"{&quot;d&quot;:&quot;https:\\\/\\\/scontent-fra5-1.cdninstagram.com\\\/v\\\/t39.30808-6\\\/459860949_18062145742653799_6880543452186576931_n.jpg?stp=dst-jpg_e35_tt6&amp;_nc_cat=100&amp;ccb=7-5&amp;_nc_sid=18de74&amp;efg=eyJlZmdfdGFnIjoiQ0FST1VTRUxfSVRFTS5iZXN0X2ltYWdlX3VybGdlbi5DMyJ9&amp;_nc_ohc=0of6xRPbh2MQ7kNvwHEQvS0&amp;_nc_oc=AdoQ4Ys_AkELBKUljUKgfPdDDXr0RT6Lc4WeBukKbzNSfHv8jU9iE8Q5Qlb86QVW2l8&amp;_nc_zt=23&amp;_nc_ht=scontent-fra5-1.cdninstagram.com&amp;edm=ANo9K5cEAAAA&amp;_nc_gid=RVj3Z88YjriFf5tLeNU-Vg&amp;_nc_tpa=Q5bMBQFtiWhnSBGFAQ1wexysGBVbv5TPC6EQ5pfrE0VDxxv-H-9ZxuybOV-RJ3yETGmiDSKp_NAPM0Xzrg&amp;oh=00_Af4AM0LcXaoRH9_NfET5thMV0CSVavFtiOQolprBPxyfHA&amp;oe=69FA6BC7&quot;,&quot;150&quot;:&quot;https:\\\/\\\/scontent-fra5-1.cdninstagram.com\\\/v\\\/t39.30808-6\\\/459860949_18062145742653799_6880543452186576931_n.jpg?stp=dst-jpg_e35_tt6&amp;_nc_cat=100&amp;ccb=7-5&amp;_nc_sid=18de74&amp;efg=eyJlZmdfdGFnIjoiQ0FST1VTRUxfSVRFTS5iZXN0X2ltYWdlX3VybGdlbi5DMyJ9&amp;_nc_ohc=0of6xRPbh2MQ7kNvwHEQvS0&amp;_nc_oc=AdoQ4Ys_AkELBKUljUKgfPdDDXr0RT6Lc4WeBukKbzNSfHv8jU9iE8Q5Qlb86QVW2l8&amp;_nc_zt=23&amp;_nc_ht=scontent-fra5-1.cdninstagram.com&amp;edm=ANo9K5cEAAAA&amp;_nc_gid=RVj3Z88YjriFf5tLeNU-Vg&amp;_nc_tpa=Q5bMBQFtiWhnSBGFAQ1wexysGBVbv5TPC6EQ5pfrE0VDxxv-H-9ZxuybOV-RJ3yETGmiDSKp_NAPM0Xzrg&amp;oh=00_Af4AM0LcXaoRH9_NfET5thMV0CSVavFtiOQolprBPxyfHA&amp;oe=69FA6BC7&quot;,&quot;320&quot;:&quot;https:\\\/\\\/scontent-fra5-1.cdninstagram.com\\\/v\\\/t39.30808-6\\\/459860949_18062145742653799_6880543452186576931_n.jpg?stp=dst-jpg_e35_tt6&amp;_nc_cat=100&amp;ccb=7-5&amp;_nc_sid=18de74&amp;efg=eyJlZmdfdGFnIjoiQ0FST1VTRUxfSVRFTS5iZXN0X2ltYWdlX3VybGdlbi5DMyJ9&amp;_nc_ohc=0of6xRPbh2MQ7kNvwHEQvS0&amp;_nc_oc=AdoQ4Ys_AkELBKUljUKgfPdDDXr0RT6Lc4WeBukKbzNSfHv8jU9iE8Q5Qlb86QVW2l8&amp;_nc_zt=23&amp;_nc_ht=scontent-fra5-1.cdninstagram.com&amp;edm=ANo9K5cEAAAA&amp;_nc_gid=RVj3Z88YjriFf5tLeNU-Vg&amp;_nc_tpa=Q5bMBQFtiWhnSBGFAQ1wexysGBVbv5TPC6EQ5pfrE0VDxxv-H-9ZxuybOV-RJ3yETGmiDSKp_NAPM0Xzrg&amp;oh=00_Af4AM0LcXaoRH9_NfET5thMV0CSVavFtiOQolprBPxyfHA&amp;oe=69FA6BC7&quot;,&quot;640&quot;:&quot;https:\\\/\\\/scontent-fra5-1.cdninstagram.com\\\/v\\\/t39.30808-6\\\/459860949_18062145742653799_6880543452186576931_n.jpg?stp=dst-jpg_e35_tt6&amp;_nc_cat=100&amp;ccb=7-5&amp;_nc_sid=18de74&amp;efg=eyJlZmdfdGFnIjoiQ0FST1VTRUxfSVRFTS5iZXN0X2ltYWdlX3VybGdlbi5DMyJ9&amp;_nc_ohc=0of6xRPbh2MQ7kNvwHEQvS0&amp;_nc_oc=AdoQ4Ys_AkELBKUljUKgfPdDDXr0RT6Lc4WeBukKbzNSfHv8jU9iE8Q5Qlb86QVW2l8&amp;_nc_zt=23&amp;_nc_ht=scontent-fra5-1.cdninstagram.com&amp;edm=ANo9K5cEAAAA&amp;_nc_gid=RVj3Z88YjriFf5tLeNU-Vg&amp;_nc_tpa=Q5bMBQFtiWhnSBGFAQ1wexysGBVbv5TPC6EQ5pfrE0VDxxv-H-9ZxuybOV-RJ3yETGmiDSKp_NAPM0Xzrg&amp;oh=00_Af4AM0LcXaoRH9_NfET5thMV0CSVavFtiOQolprBPxyfHA&amp;oe=69FA6BC7&quot;}\">\n\t\t\t<span class=\"sbi-screenreader\">Hohenzollernmarkt Tag 2 \ud83d\udda4\ud83e\udd0d<\/span>\n\t\t\t<svg class=\"svg-inline--fa fa-clone fa-w-16 sbi_lightbox_carousel_icon\" aria-hidden=\"true\" aria-label=\"Clone\" data-fa-pro\u0192cessed=\"\" data-prefix=\"far\" data-icon=\"clone\" role=\"img\" xmlns=\"http:\/\/www.w3.org\/2000\/svg\" viewBox=\"0 0 512 512\">\n                    <path fill=\"currentColor\" d=\"M464 0H144c-26.51 0-48 21.49-48 48v48H48c-26.51 0-48 21.49-48 48v320c0 26.51 21.49 48 48 48h320c26.51 0 48-21.49 48-48v-48h48c26.51 0 48-21.49 48-48V48c0-26.51-21.49-48-48-48zM362 464H54a6 6 0 0 1-6-6V150a6 6 0 0 1 6-6h42v224c0 26.51 21.49 48 48 48h224v42a6 6 0 0 1-6 6zm96-96H150a6 6 0 0 1-6-6V54a6 6 0 0 1 6-6h308a6 6 0 0 1 6 6v308a6 6 0 0 1-6 6z\"><\/path>\n                <\/svg>\t\t\t\t\t\t<img decoding=\"async\" src=\"https:\/\/kulturgemeinschaft-empfingen.info\/wp-content\/plugins\/instagram-feed\/img\/placeholder.png\" alt=\"Hohenzollernmarkt Tag 2 \ud83d\udda4\ud83e\udd0d\" aria-hidden=\"true\">\n\t\t<\/a>\n\t<\/div>\n<\/div><div class=\"sbi_item sbi_type_carousel sbi_new sbi_transition\"\n\tid=\"sbi_18453870280034235\" data-date=\"1726378314\">\n\t<div class=\"sbi_photo_wrap\">\n\t\t<a class=\"sbi_photo\" href=\"https:\/\/www.instagram.com\/p\/C_7Rjldoara\/\" target=\"_blank\" rel=\"noopener nofollow\"\n\t\t\tdata-full-res=\"https:\/\/scontent-fra5-1.cdninstagram.com\/v\/t39.30808-6\/459674806_18062078875653799_6660744658052454016_n.jpg?stp=dst-jpg_e35_tt6&#038;_nc_cat=100&#038;ccb=7-5&#038;_nc_sid=18de74&#038;efg=eyJlZmdfdGFnIjoiQ0FST1VTRUxfSVRFTS5iZXN0X2ltYWdlX3VybGdlbi5DMyJ9&#038;_nc_ohc=s3xqqcrs1VwQ7kNvwFJKom-&#038;_nc_oc=Adr8tfD8kKAnk8JfX4XatHkgUh3qaQjleiCPO7bXR8Pvlf6hHXIl-T2e1-dL8YRW5sg&#038;_nc_zt=23&#038;_nc_ht=scontent-fra5-1.cdninstagram.com&#038;edm=ANo9K5cEAAAA&#038;_nc_gid=RVj3Z88YjriFf5tLeNU-Vg&#038;_nc_tpa=Q5bMBQGqWyw21imKtQzlp_zIlJWeNsFRLgSUVW1WIb-WTsnOlEfJnDe5wrwKhTx7x1NOlDWcgQQi6PQU3A&#038;oh=00_Af5Si2zF1UjMj9ZE_UuxeKsrDvYGHx8IPBbydTtTalt2Vg&#038;oe=69FA4381\"\n\t\t\tdata-img-src-set=\"{&quot;d&quot;:&quot;https:\\\/\\\/scontent-fra5-1.cdninstagram.com\\\/v\\\/t39.30808-6\\\/459674806_18062078875653799_6660744658052454016_n.jpg?stp=dst-jpg_e35_tt6&amp;_nc_cat=100&amp;ccb=7-5&amp;_nc_sid=18de74&amp;efg=eyJlZmdfdGFnIjoiQ0FST1VTRUxfSVRFTS5iZXN0X2ltYWdlX3VybGdlbi5DMyJ9&amp;_nc_ohc=s3xqqcrs1VwQ7kNvwFJKom-&amp;_nc_oc=Adr8tfD8kKAnk8JfX4XatHkgUh3qaQjleiCPO7bXR8Pvlf6hHXIl-T2e1-dL8YRW5sg&amp;_nc_zt=23&amp;_nc_ht=scontent-fra5-1.cdninstagram.com&amp;edm=ANo9K5cEAAAA&amp;_nc_gid=RVj3Z88YjriFf5tLeNU-Vg&amp;_nc_tpa=Q5bMBQGqWyw21imKtQzlp_zIlJWeNsFRLgSUVW1WIb-WTsnOlEfJnDe5wrwKhTx7x1NOlDWcgQQi6PQU3A&amp;oh=00_Af5Si2zF1UjMj9ZE_UuxeKsrDvYGHx8IPBbydTtTalt2Vg&amp;oe=69FA4381&quot;,&quot;150&quot;:&quot;https:\\\/\\\/scontent-fra5-1.cdninstagram.com\\\/v\\\/t39.30808-6\\\/459674806_18062078875653799_6660744658052454016_n.jpg?stp=dst-jpg_e35_tt6&amp;_nc_cat=100&amp;ccb=7-5&amp;_nc_sid=18de74&amp;efg=eyJlZmdfdGFnIjoiQ0FST1VTRUxfSVRFTS5iZXN0X2ltYWdlX3VybGdlbi5DMyJ9&amp;_nc_ohc=s3xqqcrs1VwQ7kNvwFJKom-&amp;_nc_oc=Adr8tfD8kKAnk8JfX4XatHkgUh3qaQjleiCPO7bXR8Pvlf6hHXIl-T2e1-dL8YRW5sg&amp;_nc_zt=23&amp;_nc_ht=scontent-fra5-1.cdninstagram.com&amp;edm=ANo9K5cEAAAA&amp;_nc_gid=RVj3Z88YjriFf5tLeNU-Vg&amp;_nc_tpa=Q5bMBQGqWyw21imKtQzlp_zIlJWeNsFRLgSUVW1WIb-WTsnOlEfJnDe5wrwKhTx7x1NOlDWcgQQi6PQU3A&amp;oh=00_Af5Si2zF1UjMj9ZE_UuxeKsrDvYGHx8IPBbydTtTalt2Vg&amp;oe=69FA4381&quot;,&quot;320&quot;:&quot;https:\\\/\\\/scontent-fra5-1.cdninstagram.com\\\/v\\\/t39.30808-6\\\/459674806_18062078875653799_6660744658052454016_n.jpg?stp=dst-jpg_e35_tt6&amp;_nc_cat=100&amp;ccb=7-5&amp;_nc_sid=18de74&amp;efg=eyJlZmdfdGFnIjoiQ0FST1VTRUxfSVRFTS5iZXN0X2ltYWdlX3VybGdlbi5DMyJ9&amp;_nc_ohc=s3xqqcrs1VwQ7kNvwFJKom-&amp;_nc_oc=Adr8tfD8kKAnk8JfX4XatHkgUh3qaQjleiCPO7bXR8Pvlf6hHXIl-T2e1-dL8YRW5sg&amp;_nc_zt=23&amp;_nc_ht=scontent-fra5-1.cdninstagram.com&amp;edm=ANo9K5cEAAAA&amp;_nc_gid=RVj3Z88YjriFf5tLeNU-Vg&amp;_nc_tpa=Q5bMBQGqWyw21imKtQzlp_zIlJWeNsFRLgSUVW1WIb-WTsnOlEfJnDe5wrwKhTx7x1NOlDWcgQQi6PQU3A&amp;oh=00_Af5Si2zF1UjMj9ZE_UuxeKsrDvYGHx8IPBbydTtTalt2Vg&amp;oe=69FA4381&quot;,&quot;640&quot;:&quot;https:\\\/\\\/scontent-fra5-1.cdninstagram.com\\\/v\\\/t39.30808-6\\\/459674806_18062078875653799_6660744658052454016_n.jpg?stp=dst-jpg_e35_tt6&amp;_nc_cat=100&amp;ccb=7-5&amp;_nc_sid=18de74&amp;efg=eyJlZmdfdGFnIjoiQ0FST1VTRUxfSVRFTS5iZXN0X2ltYWdlX3VybGdlbi5DMyJ9&amp;_nc_ohc=s3xqqcrs1VwQ7kNvwFJKom-&amp;_nc_oc=Adr8tfD8kKAnk8JfX4XatHkgUh3qaQjleiCPO7bXR8Pvlf6hHXIl-T2e1-dL8YRW5sg&amp;_nc_zt=23&amp;_nc_ht=scontent-fra5-1.cdninstagram.com&amp;edm=ANo9K5cEAAAA&amp;_nc_gid=RVj3Z88YjriFf5tLeNU-Vg&amp;_nc_tpa=Q5bMBQGqWyw21imKtQzlp_zIlJWeNsFRLgSUVW1WIb-WTsnOlEfJnDe5wrwKhTx7x1NOlDWcgQQi6PQU3A&amp;oh=00_Af5Si2zF1UjMj9ZE_UuxeKsrDvYGHx8IPBbydTtTalt2Vg&amp;oe=69FA4381&quot;}\">\n\t\t\t<span class=\"sbi-screenreader\">Hohenzollernmarkt Empfingen - Tag 1 \ud83d\udda4\ud83e\udd0d<\/span>\n\t\t\t<svg class=\"svg-inline--fa fa-clone fa-w-16 sbi_lightbox_carousel_icon\" aria-hidden=\"true\" aria-label=\"Clone\" data-fa-pro\u0192cessed=\"\" data-prefix=\"far\" data-icon=\"clone\" role=\"img\" xmlns=\"http:\/\/www.w3.org\/2000\/svg\" viewBox=\"0 0 512 512\">\n                    <path fill=\"currentColor\" d=\"M464 0H144c-26.51 0-48 21.49-48 48v48H48c-26.51 0-48 21.49-48 48v320c0 26.51 21.49 48 48 48h320c26.51 0 48-21.49 48-48v-48h48c26.51 0 48-21.49 48-48V48c0-26.51-21.49-48-48-48zM362 464H54a6 6 0 0 1-6-6V150a6 6 0 0 1 6-6h42v224c0 26.51 21.49 48 48 48h224v42a6 6 0 0 1-6 6zm96-96H150a6 6 0 0 1-6-6V54a6 6 0 0 1 6-6h308a6 6 0 0 1 6 6v308a6 6 0 0 1-6 6z\"><\/path>\n                <\/svg>\t\t\t\t\t\t<img decoding=\"async\" src=\"https:\/\/kulturgemeinschaft-empfingen.info\/wp-content\/plugins\/instagram-feed\/img\/placeholder.png\" alt=\"Hohenzollernmarkt Empfingen - Tag 1 \ud83d\udda4\ud83e\udd0d\" aria-hidden=\"true\">\n\t\t<\/a>\n\t<\/div>\n<\/div><div class=\"sbi_item sbi_type_carousel sbi_new sbi_transition\"\n\tid=\"sbi_18074009017521978\" data-date=\"1721510573\">\n\t<div class=\"sbi_photo_wrap\">\n\t\t<a class=\"sbi_photo\" href=\"https:\/\/www.instagram.com\/p\/C9qNE67IdAG\/\" target=\"_blank\" rel=\"noopener nofollow\"\n\t\t\tdata-full-res=\"https:\/\/scontent-fra5-2.cdninstagram.com\/v\/t51.82787-15\/655265075_18094674908049201_8147358121968984188_n.webp?stp=dst-jpg_e35_tt6&#038;_nc_cat=106&#038;ccb=7-5&#038;_nc_sid=18de74&#038;efg=eyJlZmdfdGFnIjoiQ0FST1VTRUxfSVRFTS5iZXN0X2ltYWdlX3VybGdlbi5DMyJ9&#038;_nc_ohc=3DzhAWXL7QsQ7kNvwE0zAnS&#038;_nc_oc=AdpcJiQ1vpAWlmaPwYkpqoenqYFLLxalQPLdM6tupXlbwuXJ2zcxxsatKW5l3F8Mtkw&#038;_nc_zt=23&#038;_nc_ht=scontent-fra5-2.cdninstagram.com&#038;edm=ANo9K5cEAAAA&#038;_nc_gid=RVj3Z88YjriFf5tLeNU-Vg&#038;_nc_tpa=Q5bMBQEx8ZMGtau273U0Zd7JH6GMWU1YxkzEVa7zfwk1B8jeJrGwzWmVQ3hA5mjFPlNUzLp6tzYxGdzSSA&#038;oh=00_Af5Vs5j17eN3Yk4WfL7mKws6e3TkcBqgGmGiQfSdZOVhlQ&#038;oe=69FA5219\"\n\t\t\tdata-img-src-set=\"{&quot;d&quot;:&quot;https:\\\/\\\/scontent-fra5-2.cdninstagram.com\\\/v\\\/t51.82787-15\\\/655265075_18094674908049201_8147358121968984188_n.webp?stp=dst-jpg_e35_tt6&amp;_nc_cat=106&amp;ccb=7-5&amp;_nc_sid=18de74&amp;efg=eyJlZmdfdGFnIjoiQ0FST1VTRUxfSVRFTS5iZXN0X2ltYWdlX3VybGdlbi5DMyJ9&amp;_nc_ohc=3DzhAWXL7QsQ7kNvwE0zAnS&amp;_nc_oc=AdpcJiQ1vpAWlmaPwYkpqoenqYFLLxalQPLdM6tupXlbwuXJ2zcxxsatKW5l3F8Mtkw&amp;_nc_zt=23&amp;_nc_ht=scontent-fra5-2.cdninstagram.com&amp;edm=ANo9K5cEAAAA&amp;_nc_gid=RVj3Z88YjriFf5tLeNU-Vg&amp;_nc_tpa=Q5bMBQEx8ZMGtau273U0Zd7JH6GMWU1YxkzEVa7zfwk1B8jeJrGwzWmVQ3hA5mjFPlNUzLp6tzYxGdzSSA&amp;oh=00_Af5Vs5j17eN3Yk4WfL7mKws6e3TkcBqgGmGiQfSdZOVhlQ&amp;oe=69FA5219&quot;,&quot;150&quot;:&quot;https:\\\/\\\/scontent-fra5-2.cdninstagram.com\\\/v\\\/t51.82787-15\\\/655265075_18094674908049201_8147358121968984188_n.webp?stp=dst-jpg_e35_tt6&amp;_nc_cat=106&amp;ccb=7-5&amp;_nc_sid=18de74&amp;efg=eyJlZmdfdGFnIjoiQ0FST1VTRUxfSVRFTS5iZXN0X2ltYWdlX3VybGdlbi5DMyJ9&amp;_nc_ohc=3DzhAWXL7QsQ7kNvwE0zAnS&amp;_nc_oc=AdpcJiQ1vpAWlmaPwYkpqoenqYFLLxalQPLdM6tupXlbwuXJ2zcxxsatKW5l3F8Mtkw&amp;_nc_zt=23&amp;_nc_ht=scontent-fra5-2.cdninstagram.com&amp;edm=ANo9K5cEAAAA&amp;_nc_gid=RVj3Z88YjriFf5tLeNU-Vg&amp;_nc_tpa=Q5bMBQEx8ZMGtau273U0Zd7JH6GMWU1YxkzEVa7zfwk1B8jeJrGwzWmVQ3hA5mjFPlNUzLp6tzYxGdzSSA&amp;oh=00_Af5Vs5j17eN3Yk4WfL7mKws6e3TkcBqgGmGiQfSdZOVhlQ&amp;oe=69FA5219&quot;,&quot;320&quot;:&quot;https:\\\/\\\/scontent-fra5-2.cdninstagram.com\\\/v\\\/t51.82787-15\\\/655265075_18094674908049201_8147358121968984188_n.webp?stp=dst-jpg_e35_tt6&amp;_nc_cat=106&amp;ccb=7-5&amp;_nc_sid=18de74&amp;efg=eyJlZmdfdGFnIjoiQ0FST1VTRUxfSVRFTS5iZXN0X2ltYWdlX3VybGdlbi5DMyJ9&amp;_nc_ohc=3DzhAWXL7QsQ7kNvwE0zAnS&amp;_nc_oc=AdpcJiQ1vpAWlmaPwYkpqoenqYFLLxalQPLdM6tupXlbwuXJ2zcxxsatKW5l3F8Mtkw&amp;_nc_zt=23&amp;_nc_ht=scontent-fra5-2.cdninstagram.com&amp;edm=ANo9K5cEAAAA&amp;_nc_gid=RVj3Z88YjriFf5tLeNU-Vg&amp;_nc_tpa=Q5bMBQEx8ZMGtau273U0Zd7JH6GMWU1YxkzEVa7zfwk1B8jeJrGwzWmVQ3hA5mjFPlNUzLp6tzYxGdzSSA&amp;oh=00_Af5Vs5j17eN3Yk4WfL7mKws6e3TkcBqgGmGiQfSdZOVhlQ&amp;oe=69FA5219&quot;,&quot;640&quot;:&quot;https:\\\/\\\/scontent-fra5-2.cdninstagram.com\\\/v\\\/t51.82787-15\\\/655265075_18094674908049201_8147358121968984188_n.webp?stp=dst-jpg_e35_tt6&amp;_nc_cat=106&amp;ccb=7-5&amp;_nc_sid=18de74&amp;efg=eyJlZmdfdGFnIjoiQ0FST1VTRUxfSVRFTS5iZXN0X2ltYWdlX3VybGdlbi5DMyJ9&amp;_nc_ohc=3DzhAWXL7QsQ7kNvwE0zAnS&amp;_nc_oc=AdpcJiQ1vpAWlmaPwYkpqoenqYFLLxalQPLdM6tupXlbwuXJ2zcxxsatKW5l3F8Mtkw&amp;_nc_zt=23&amp;_nc_ht=scontent-fra5-2.cdninstagram.com&amp;edm=ANo9K5cEAAAA&amp;_nc_gid=RVj3Z88YjriFf5tLeNU-Vg&amp;_nc_tpa=Q5bMBQEx8ZMGtau273U0Zd7JH6GMWU1YxkzEVa7zfwk1B8jeJrGwzWmVQ3hA5mjFPlNUzLp6tzYxGdzSSA&amp;oh=00_Af5Vs5j17eN3Yk4WfL7mKws6e3TkcBqgGmGiQfSdZOVhlQ&amp;oe=69FA5219&quot;}\">\n\t\t\t<span class=\"sbi-screenreader\">Den zweiten Auftritt des Wochenendes hat unsere Tr<\/span>\n\t\t\t<svg class=\"svg-inline--fa fa-clone fa-w-16 sbi_lightbox_carousel_icon\" aria-hidden=\"true\" aria-label=\"Clone\" data-fa-pro\u0192cessed=\"\" data-prefix=\"far\" data-icon=\"clone\" role=\"img\" xmlns=\"http:\/\/www.w3.org\/2000\/svg\" viewBox=\"0 0 512 512\">\n                    <path fill=\"currentColor\" d=\"M464 0H144c-26.51 0-48 21.49-48 48v48H48c-26.51 0-48 21.49-48 48v320c0 26.51 21.49 48 48 48h320c26.51 0 48-21.49 48-48v-48h48c26.51 0 48-21.49 48-48V48c0-26.51-21.49-48-48-48zM362 464H54a6 6 0 0 1-6-6V150a6 6 0 0 1 6-6h42v224c0 26.51 21.49 48 48 48h224v42a6 6 0 0 1-6 6zm96-96H150a6 6 0 0 1-6-6V54a6 6 0 0 1 6-6h308a6 6 0 0 1 6 6v308a6 6 0 0 1-6 6z\"><\/path>\n                <\/svg>\t\t\t\t\t\t<img decoding=\"async\" src=\"https:\/\/kulturgemeinschaft-empfingen.info\/wp-content\/plugins\/instagram-feed\/img\/placeholder.png\" alt=\"Den zweiten Auftritt des Wochenendes hat unsere Trachtenkapelle in Felldorf beim Starzachfest absolviert.\nBei herrlichem Wetter konnten die G\u00e4ste zwei Stunden lang den musikalischen Kl\u00e4ngen lauschen.\" aria-hidden=\"true\">\n\t\t<\/a>\n\t<\/div>\n<\/div><div class=\"sbi_item sbi_type_carousel sbi_new sbi_transition\"\n\tid=\"sbi_18008729285547397\" data-date=\"1721420825\">\n\t<div class=\"sbi_photo_wrap\">\n\t\t<a class=\"sbi_photo\" href=\"https:\/\/www.instagram.com\/p\/C9nh5U-ojIf\/\" target=\"_blank\" rel=\"noopener nofollow\"\n\t\t\tdata-full-res=\"https:\/\/scontent-fra5-1.cdninstagram.com\/v\/t51.82787-15\/670382199_18581256400030618_9105368238275229056_n.webp?stp=dst-jpg_e35_tt6&#038;_nc_cat=100&#038;ccb=7-5&#038;_nc_sid=18de74&#038;efg=eyJlZmdfdGFnIjoiQ0FST1VTRUxfSVRFTS5iZXN0X2ltYWdlX3VybGdlbi5DMyJ9&#038;_nc_ohc=LHi27KBm2BsQ7kNvwEzkhpo&#038;_nc_oc=Adp088nsYYW-NGFT_u7l9VO10OZfFDu-zvYENXJpn8k9W1q0iZTExBDuifwufRlHtQY&#038;_nc_zt=23&#038;_nc_ht=scontent-fra5-1.cdninstagram.com&#038;edm=ANo9K5cEAAAA&#038;_nc_gid=RVj3Z88YjriFf5tLeNU-Vg&#038;_nc_tpa=Q5bMBQEqp-i1jSKuK5Id3HX8o9Vmdr1tyFz9Wy7HTKzx28c5Ntr_LR5etJI_jH5axoDHs0wpYU_KCHsSNQ&#038;oh=00_Af7cDaVV5SaZHtNIuiWHYc322hV2JXNgZtJT_3kr8uP9vw&#038;oe=69FA608B\"\n\t\t\tdata-img-src-set=\"{&quot;d&quot;:&quot;https:\\\/\\\/scontent-fra5-1.cdninstagram.com\\\/v\\\/t51.82787-15\\\/670382199_18581256400030618_9105368238275229056_n.webp?stp=dst-jpg_e35_tt6&amp;_nc_cat=100&amp;ccb=7-5&amp;_nc_sid=18de74&amp;efg=eyJlZmdfdGFnIjoiQ0FST1VTRUxfSVRFTS5iZXN0X2ltYWdlX3VybGdlbi5DMyJ9&amp;_nc_ohc=LHi27KBm2BsQ7kNvwEzkhpo&amp;_nc_oc=Adp088nsYYW-NGFT_u7l9VO10OZfFDu-zvYENXJpn8k9W1q0iZTExBDuifwufRlHtQY&amp;_nc_zt=23&amp;_nc_ht=scontent-fra5-1.cdninstagram.com&amp;edm=ANo9K5cEAAAA&amp;_nc_gid=RVj3Z88YjriFf5tLeNU-Vg&amp;_nc_tpa=Q5bMBQEqp-i1jSKuK5Id3HX8o9Vmdr1tyFz9Wy7HTKzx28c5Ntr_LR5etJI_jH5axoDHs0wpYU_KCHsSNQ&amp;oh=00_Af7cDaVV5SaZHtNIuiWHYc322hV2JXNgZtJT_3kr8uP9vw&amp;oe=69FA608B&quot;,&quot;150&quot;:&quot;https:\\\/\\\/scontent-fra5-1.cdninstagram.com\\\/v\\\/t51.82787-15\\\/670382199_18581256400030618_9105368238275229056_n.webp?stp=dst-jpg_e35_tt6&amp;_nc_cat=100&amp;ccb=7-5&amp;_nc_sid=18de74&amp;efg=eyJlZmdfdGFnIjoiQ0FST1VTRUxfSVRFTS5iZXN0X2ltYWdlX3VybGdlbi5DMyJ9&amp;_nc_ohc=LHi27KBm2BsQ7kNvwEzkhpo&amp;_nc_oc=Adp088nsYYW-NGFT_u7l9VO10OZfFDu-zvYENXJpn8k9W1q0iZTExBDuifwufRlHtQY&amp;_nc_zt=23&amp;_nc_ht=scontent-fra5-1.cdninstagram.com&amp;edm=ANo9K5cEAAAA&amp;_nc_gid=RVj3Z88YjriFf5tLeNU-Vg&amp;_nc_tpa=Q5bMBQEqp-i1jSKuK5Id3HX8o9Vmdr1tyFz9Wy7HTKzx28c5Ntr_LR5etJI_jH5axoDHs0wpYU_KCHsSNQ&amp;oh=00_Af7cDaVV5SaZHtNIuiWHYc322hV2JXNgZtJT_3kr8uP9vw&amp;oe=69FA608B&quot;,&quot;320&quot;:&quot;https:\\\/\\\/scontent-fra5-1.cdninstagram.com\\\/v\\\/t51.82787-15\\\/670382199_18581256400030618_9105368238275229056_n.webp?stp=dst-jpg_e35_tt6&amp;_nc_cat=100&amp;ccb=7-5&amp;_nc_sid=18de74&amp;efg=eyJlZmdfdGFnIjoiQ0FST1VTRUxfSVRFTS5iZXN0X2ltYWdlX3VybGdlbi5DMyJ9&amp;_nc_ohc=LHi27KBm2BsQ7kNvwEzkhpo&amp;_nc_oc=Adp088nsYYW-NGFT_u7l9VO10OZfFDu-zvYENXJpn8k9W1q0iZTExBDuifwufRlHtQY&amp;_nc_zt=23&amp;_nc_ht=scontent-fra5-1.cdninstagram.com&amp;edm=ANo9K5cEAAAA&amp;_nc_gid=RVj3Z88YjriFf5tLeNU-Vg&amp;_nc_tpa=Q5bMBQEqp-i1jSKuK5Id3HX8o9Vmdr1tyFz9Wy7HTKzx28c5Ntr_LR5etJI_jH5axoDHs0wpYU_KCHsSNQ&amp;oh=00_Af7cDaVV5SaZHtNIuiWHYc322hV2JXNgZtJT_3kr8uP9vw&amp;oe=69FA608B&quot;,&quot;640&quot;:&quot;https:\\\/\\\/scontent-fra5-1.cdninstagram.com\\\/v\\\/t51.82787-15\\\/670382199_18581256400030618_9105368238275229056_n.webp?stp=dst-jpg_e35_tt6&amp;_nc_cat=100&amp;ccb=7-5&amp;_nc_sid=18de74&amp;efg=eyJlZmdfdGFnIjoiQ0FST1VTRUxfSVRFTS5iZXN0X2ltYWdlX3VybGdlbi5DMyJ9&amp;_nc_ohc=LHi27KBm2BsQ7kNvwEzkhpo&amp;_nc_oc=Adp088nsYYW-NGFT_u7l9VO10OZfFDu-zvYENXJpn8k9W1q0iZTExBDuifwufRlHtQY&amp;_nc_zt=23&amp;_nc_ht=scontent-fra5-1.cdninstagram.com&amp;edm=ANo9K5cEAAAA&amp;_nc_gid=RVj3Z88YjriFf5tLeNU-Vg&amp;_nc_tpa=Q5bMBQEqp-i1jSKuK5Id3HX8o9Vmdr1tyFz9Wy7HTKzx28c5Ntr_LR5etJI_jH5axoDHs0wpYU_KCHsSNQ&amp;oh=00_Af7cDaVV5SaZHtNIuiWHYc322hV2JXNgZtJT_3kr8uP9vw&amp;oe=69FA608B&quot;}\">\n\t\t\t<span class=\"sbi-screenreader\">Heute Abend durften wir die G\u00e4ste im Biergarten d<\/span>\n\t\t\t<svg class=\"svg-inline--fa fa-clone fa-w-16 sbi_lightbox_carousel_icon\" aria-hidden=\"true\" aria-label=\"Clone\" data-fa-pro\u0192cessed=\"\" data-prefix=\"far\" data-icon=\"clone\" role=\"img\" xmlns=\"http:\/\/www.w3.org\/2000\/svg\" viewBox=\"0 0 512 512\">\n                    <path fill=\"currentColor\" d=\"M464 0H144c-26.51 0-48 21.49-48 48v48H48c-26.51 0-48 21.49-48 48v320c0 26.51 21.49 48 48 48h320c26.51 0 48-21.49 48-48v-48h48c26.51 0 48-21.49 48-48V48c0-26.51-21.49-48-48-48zM362 464H54a6 6 0 0 1-6-6V150a6 6 0 0 1 6-6h42v224c0 26.51 21.49 48 48 48h224v42a6 6 0 0 1-6 6zm96-96H150a6 6 0 0 1-6-6V54a6 6 0 0 1 6-6h308a6 6 0 0 1 6 6v308a6 6 0 0 1-6 6z\"><\/path>\n                <\/svg>\t\t\t\t\t\t<img decoding=\"async\" src=\"https:\/\/kulturgemeinschaft-empfingen.info\/wp-content\/plugins\/instagram-feed\/img\/placeholder.png\" alt=\"Heute Abend durften wir die G\u00e4ste im Biergarten der @floezlinger_hirsch unterhalten - auch gesanglich ;)\n\nZum Wohl!\" aria-hidden=\"true\">\n\t\t<\/a>\n\t<\/div>\n<\/div><div class=\"sbi_item sbi_type_carousel sbi_new sbi_transition\"\n\tid=\"sbi_18262028563220576\" data-date=\"1721027345\">\n\t<div class=\"sbi_photo_wrap\">\n\t\t<a class=\"sbi_photo\" href=\"https:\/\/www.instagram.com\/p\/C9bzZGqoXS2\/\" target=\"_blank\" rel=\"noopener nofollow\"\n\t\t\tdata-full-res=\"https:\/\/scontent-fra5-1.cdninstagram.com\/v\/t51.82787-15\/658866019_18304426753272204_2316664389228362050_n.webp?stp=dst-jpg_e35_tt6&#038;_nc_cat=100&#038;ccb=7-5&#038;_nc_sid=18de74&#038;efg=eyJlZmdfdGFnIjoiQ0FST1VTRUxfSVRFTS5iZXN0X2ltYWdlX3VybGdlbi5DMyJ9&#038;_nc_ohc=Iy0W59AfNUgQ7kNvwE0UxQd&#038;_nc_oc=AdpJc-4gwDTGGpM2C6pw2uukmhTBpqTsZhZ4NTB4QJqFnK7DfM4MjDA5ceJORAXwC_U&#038;_nc_zt=23&#038;_nc_ht=scontent-fra5-1.cdninstagram.com&#038;edm=ANo9K5cEAAAA&#038;_nc_gid=1fh9XIPGDE4BIekXpSvkAQ&#038;_nc_tpa=Q5bMBQGOnOKo921j_xnXULaJ1ixgiD_IuodgsfiiBnq_CrheW3tPAZ0TR8LRGzTtr6tIoNrdVCOVPr3V1g&#038;oh=00_Af4ai-lFWMviIexTpBPusn-GPW4aNh88OsCRa7r6j4hiXw&#038;oe=69FA4B3E\"\n\t\t\tdata-img-src-set=\"{&quot;d&quot;:&quot;https:\\\/\\\/scontent-fra5-1.cdninstagram.com\\\/v\\\/t51.82787-15\\\/658866019_18304426753272204_2316664389228362050_n.webp?stp=dst-jpg_e35_tt6&amp;_nc_cat=100&amp;ccb=7-5&amp;_nc_sid=18de74&amp;efg=eyJlZmdfdGFnIjoiQ0FST1VTRUxfSVRFTS5iZXN0X2ltYWdlX3VybGdlbi5DMyJ9&amp;_nc_ohc=Iy0W59AfNUgQ7kNvwE0UxQd&amp;_nc_oc=AdpJc-4gwDTGGpM2C6pw2uukmhTBpqTsZhZ4NTB4QJqFnK7DfM4MjDA5ceJORAXwC_U&amp;_nc_zt=23&amp;_nc_ht=scontent-fra5-1.cdninstagram.com&amp;edm=ANo9K5cEAAAA&amp;_nc_gid=1fh9XIPGDE4BIekXpSvkAQ&amp;_nc_tpa=Q5bMBQGOnOKo921j_xnXULaJ1ixgiD_IuodgsfiiBnq_CrheW3tPAZ0TR8LRGzTtr6tIoNrdVCOVPr3V1g&amp;oh=00_Af4ai-lFWMviIexTpBPusn-GPW4aNh88OsCRa7r6j4hiXw&amp;oe=69FA4B3E&quot;,&quot;150&quot;:&quot;https:\\\/\\\/scontent-fra5-1.cdninstagram.com\\\/v\\\/t51.82787-15\\\/658866019_18304426753272204_2316664389228362050_n.webp?stp=dst-jpg_e35_tt6&amp;_nc_cat=100&amp;ccb=7-5&amp;_nc_sid=18de74&amp;efg=eyJlZmdfdGFnIjoiQ0FST1VTRUxfSVRFTS5iZXN0X2ltYWdlX3VybGdlbi5DMyJ9&amp;_nc_ohc=Iy0W59AfNUgQ7kNvwE0UxQd&amp;_nc_oc=AdpJc-4gwDTGGpM2C6pw2uukmhTBpqTsZhZ4NTB4QJqFnK7DfM4MjDA5ceJORAXwC_U&amp;_nc_zt=23&amp;_nc_ht=scontent-fra5-1.cdninstagram.com&amp;edm=ANo9K5cEAAAA&amp;_nc_gid=1fh9XIPGDE4BIekXpSvkAQ&amp;_nc_tpa=Q5bMBQGOnOKo921j_xnXULaJ1ixgiD_IuodgsfiiBnq_CrheW3tPAZ0TR8LRGzTtr6tIoNrdVCOVPr3V1g&amp;oh=00_Af4ai-lFWMviIexTpBPusn-GPW4aNh88OsCRa7r6j4hiXw&amp;oe=69FA4B3E&quot;,&quot;320&quot;:&quot;https:\\\/\\\/scontent-fra5-1.cdninstagram.com\\\/v\\\/t51.82787-15\\\/658866019_18304426753272204_2316664389228362050_n.webp?stp=dst-jpg_e35_tt6&amp;_nc_cat=100&amp;ccb=7-5&amp;_nc_sid=18de74&amp;efg=eyJlZmdfdGFnIjoiQ0FST1VTRUxfSVRFTS5iZXN0X2ltYWdlX3VybGdlbi5DMyJ9&amp;_nc_ohc=Iy0W59AfNUgQ7kNvwE0UxQd&amp;_nc_oc=AdpJc-4gwDTGGpM2C6pw2uukmhTBpqTsZhZ4NTB4QJqFnK7DfM4MjDA5ceJORAXwC_U&amp;_nc_zt=23&amp;_nc_ht=scontent-fra5-1.cdninstagram.com&amp;edm=ANo9K5cEAAAA&amp;_nc_gid=1fh9XIPGDE4BIekXpSvkAQ&amp;_nc_tpa=Q5bMBQGOnOKo921j_xnXULaJ1ixgiD_IuodgsfiiBnq_CrheW3tPAZ0TR8LRGzTtr6tIoNrdVCOVPr3V1g&amp;oh=00_Af4ai-lFWMviIexTpBPusn-GPW4aNh88OsCRa7r6j4hiXw&amp;oe=69FA4B3E&quot;,&quot;640&quot;:&quot;https:\\\/\\\/scontent-fra5-1.cdninstagram.com\\\/v\\\/t51.82787-15\\\/658866019_18304426753272204_2316664389228362050_n.webp?stp=dst-jpg_e35_tt6&amp;_nc_cat=100&amp;ccb=7-5&amp;_nc_sid=18de74&amp;efg=eyJlZmdfdGFnIjoiQ0FST1VTRUxfSVRFTS5iZXN0X2ltYWdlX3VybGdlbi5DMyJ9&amp;_nc_ohc=Iy0W59AfNUgQ7kNvwE0UxQd&amp;_nc_oc=AdpJc-4gwDTGGpM2C6pw2uukmhTBpqTsZhZ4NTB4QJqFnK7DfM4MjDA5ceJORAXwC_U&amp;_nc_zt=23&amp;_nc_ht=scontent-fra5-1.cdninstagram.com&amp;edm=ANo9K5cEAAAA&amp;_nc_gid=1fh9XIPGDE4BIekXpSvkAQ&amp;_nc_tpa=Q5bMBQGOnOKo921j_xnXULaJ1ixgiD_IuodgsfiiBnq_CrheW3tPAZ0TR8LRGzTtr6tIoNrdVCOVPr3V1g&amp;oh=00_Af4ai-lFWMviIexTpBPusn-GPW4aNh88OsCRa7r6j4hiXw&amp;oe=69FA4B3E&quot;}\">\n\t\t\t<span class=\"sbi-screenreader\">Gestern waren unsere Kindertrachtengruppe, die Tra<\/span>\n\t\t\t<svg class=\"svg-inline--fa fa-clone fa-w-16 sbi_lightbox_carousel_icon\" aria-hidden=\"true\" aria-label=\"Clone\" data-fa-pro\u0192cessed=\"\" data-prefix=\"far\" data-icon=\"clone\" role=\"img\" xmlns=\"http:\/\/www.w3.org\/2000\/svg\" viewBox=\"0 0 512 512\">\n                    <path fill=\"currentColor\" d=\"M464 0H144c-26.51 0-48 21.49-48 48v48H48c-26.51 0-48 21.49-48 48v320c0 26.51 21.49 48 48 48h320c26.51 0 48-21.49 48-48v-48h48c26.51 0 48-21.49 48-48V48c0-26.51-21.49-48-48-48zM362 464H54a6 6 0 0 1-6-6V150a6 6 0 0 1 6-6h42v224c0 26.51 21.49 48 48 48h224v42a6 6 0 0 1-6 6zm96-96H150a6 6 0 0 1-6-6V54a6 6 0 0 1 6-6h308a6 6 0 0 1 6 6v308a6 6 0 0 1-6 6z\"><\/path>\n                <\/svg>\t\t\t\t\t\t<img decoding=\"async\" src=\"https:\/\/kulturgemeinschaft-empfingen.info\/wp-content\/plugins\/instagram-feed\/img\/placeholder.png\" alt=\"Gestern waren unsere Kindertrachtengruppe, die Trachtengruppe und die Trachtenkapelle zu Besuch in Niedereschach beim gro\u00dfen Gautrachtentreffen des Trachtengau Schwarzwald e.V..\nNeben dem Umzug durften wir auch das Programm auf der Au\u00dfenb\u00fchne bei herrlichstem Wetter bereichern.\" aria-hidden=\"true\">\n\t\t<\/a>\n\t<\/div>\n<\/div><div class=\"sbi_item sbi_type_carousel sbi_new sbi_transition\"\n\tid=\"sbi_18023354057248846\" data-date=\"1720596405\">\n\t<div class=\"sbi_photo_wrap\">\n\t\t<a class=\"sbi_photo\" href=\"https:\/\/www.instagram.com\/p\/C9O9cLiovM8\/\" target=\"_blank\" rel=\"noopener nofollow\"\n\t\t\tdata-full-res=\"https:\/\/scontent-fra5-2.cdninstagram.com\/v\/t51.82787-15\/651060840_17958299742066357_5006511145974237209_n.webp?stp=dst-jpg_e35_tt6&#038;_nc_cat=106&#038;ccb=7-5&#038;_nc_sid=18de74&#038;efg=eyJlZmdfdGFnIjoiQ0FST1VTRUxfSVRFTS5iZXN0X2ltYWdlX3VybGdlbi5DMyJ9&#038;_nc_ohc=nedDux2pwUIQ7kNvwFvxs-U&#038;_nc_oc=Adq7A9CS8LclLvohLG75xxRsImpNo6AvMDr3r3fm7kwFAAYLd9pzhJRYmGGvkZjwbIM&#038;_nc_zt=23&#038;_nc_ht=scontent-fra5-2.cdninstagram.com&#038;edm=ANo9K5cEAAAA&#038;_nc_gid=1fh9XIPGDE4BIekXpSvkAQ&#038;_nc_tpa=Q5bMBQFGbpO1xkkw_JGKyrIfHumOM9tmZjEGhzmz5qmfyuXKOVqLIfqvUrQMgpJ4bQqDmQT4kneQfOXzVA&#038;oh=00_Af5Vkht-UQwCuWjezQcMbU-lGnooqnduYgjeQ_S9w56pGQ&#038;oe=69FA54C1\"\n\t\t\tdata-img-src-set=\"{&quot;d&quot;:&quot;https:\\\/\\\/scontent-fra5-2.cdninstagram.com\\\/v\\\/t51.82787-15\\\/651060840_17958299742066357_5006511145974237209_n.webp?stp=dst-jpg_e35_tt6&amp;_nc_cat=106&amp;ccb=7-5&amp;_nc_sid=18de74&amp;efg=eyJlZmdfdGFnIjoiQ0FST1VTRUxfSVRFTS5iZXN0X2ltYWdlX3VybGdlbi5DMyJ9&amp;_nc_ohc=nedDux2pwUIQ7kNvwFvxs-U&amp;_nc_oc=Adq7A9CS8LclLvohLG75xxRsImpNo6AvMDr3r3fm7kwFAAYLd9pzhJRYmGGvkZjwbIM&amp;_nc_zt=23&amp;_nc_ht=scontent-fra5-2.cdninstagram.com&amp;edm=ANo9K5cEAAAA&amp;_nc_gid=1fh9XIPGDE4BIekXpSvkAQ&amp;_nc_tpa=Q5bMBQFGbpO1xkkw_JGKyrIfHumOM9tmZjEGhzmz5qmfyuXKOVqLIfqvUrQMgpJ4bQqDmQT4kneQfOXzVA&amp;oh=00_Af5Vkht-UQwCuWjezQcMbU-lGnooqnduYgjeQ_S9w56pGQ&amp;oe=69FA54C1&quot;,&quot;150&quot;:&quot;https:\\\/\\\/scontent-fra5-2.cdninstagram.com\\\/v\\\/t51.82787-15\\\/651060840_17958299742066357_5006511145974237209_n.webp?stp=dst-jpg_e35_tt6&amp;_nc_cat=106&amp;ccb=7-5&amp;_nc_sid=18de74&amp;efg=eyJlZmdfdGFnIjoiQ0FST1VTRUxfSVRFTS5iZXN0X2ltYWdlX3VybGdlbi5DMyJ9&amp;_nc_ohc=nedDux2pwUIQ7kNvwFvxs-U&amp;_nc_oc=Adq7A9CS8LclLvohLG75xxRsImpNo6AvMDr3r3fm7kwFAAYLd9pzhJRYmGGvkZjwbIM&amp;_nc_zt=23&amp;_nc_ht=scontent-fra5-2.cdninstagram.com&amp;edm=ANo9K5cEAAAA&amp;_nc_gid=1fh9XIPGDE4BIekXpSvkAQ&amp;_nc_tpa=Q5bMBQFGbpO1xkkw_JGKyrIfHumOM9tmZjEGhzmz5qmfyuXKOVqLIfqvUrQMgpJ4bQqDmQT4kneQfOXzVA&amp;oh=00_Af5Vkht-UQwCuWjezQcMbU-lGnooqnduYgjeQ_S9w56pGQ&amp;oe=69FA54C1&quot;,&quot;320&quot;:&quot;https:\\\/\\\/scontent-fra5-2.cdninstagram.com\\\/v\\\/t51.82787-15\\\/651060840_17958299742066357_5006511145974237209_n.webp?stp=dst-jpg_e35_tt6&amp;_nc_cat=106&amp;ccb=7-5&amp;_nc_sid=18de74&amp;efg=eyJlZmdfdGFnIjoiQ0FST1VTRUxfSVRFTS5iZXN0X2ltYWdlX3VybGdlbi5DMyJ9&amp;_nc_ohc=nedDux2pwUIQ7kNvwFvxs-U&amp;_nc_oc=Adq7A9CS8LclLvohLG75xxRsImpNo6AvMDr3r3fm7kwFAAYLd9pzhJRYmGGvkZjwbIM&amp;_nc_zt=23&amp;_nc_ht=scontent-fra5-2.cdninstagram.com&amp;edm=ANo9K5cEAAAA&amp;_nc_gid=1fh9XIPGDE4BIekXpSvkAQ&amp;_nc_tpa=Q5bMBQFGbpO1xkkw_JGKyrIfHumOM9tmZjEGhzmz5qmfyuXKOVqLIfqvUrQMgpJ4bQqDmQT4kneQfOXzVA&amp;oh=00_Af5Vkht-UQwCuWjezQcMbU-lGnooqnduYgjeQ_S9w56pGQ&amp;oe=69FA54C1&quot;,&quot;640&quot;:&quot;https:\\\/\\\/scontent-fra5-2.cdninstagram.com\\\/v\\\/t51.82787-15\\\/651060840_17958299742066357_5006511145974237209_n.webp?stp=dst-jpg_e35_tt6&amp;_nc_cat=106&amp;ccb=7-5&amp;_nc_sid=18de74&amp;efg=eyJlZmdfdGFnIjoiQ0FST1VTRUxfSVRFTS5iZXN0X2ltYWdlX3VybGdlbi5DMyJ9&amp;_nc_ohc=nedDux2pwUIQ7kNvwFvxs-U&amp;_nc_oc=Adq7A9CS8LclLvohLG75xxRsImpNo6AvMDr3r3fm7kwFAAYLd9pzhJRYmGGvkZjwbIM&amp;_nc_zt=23&amp;_nc_ht=scontent-fra5-2.cdninstagram.com&amp;edm=ANo9K5cEAAAA&amp;_nc_gid=1fh9XIPGDE4BIekXpSvkAQ&amp;_nc_tpa=Q5bMBQFGbpO1xkkw_JGKyrIfHumOM9tmZjEGhzmz5qmfyuXKOVqLIfqvUrQMgpJ4bQqDmQT4kneQfOXzVA&amp;oh=00_Af5Vkht-UQwCuWjezQcMbU-lGnooqnduYgjeQ_S9w56pGQ&amp;oe=69FA54C1&quot;}\">\n\t\t\t<span class=\"sbi-screenreader\">Endlich wieder freie Fahrt durch Empfingen!\n\nGeste<\/span>\n\t\t\t<svg class=\"svg-inline--fa fa-clone fa-w-16 sbi_lightbox_carousel_icon\" aria-hidden=\"true\" aria-label=\"Clone\" data-fa-pro\u0192cessed=\"\" data-prefix=\"far\" data-icon=\"clone\" role=\"img\" xmlns=\"http:\/\/www.w3.org\/2000\/svg\" viewBox=\"0 0 512 512\">\n                    <path fill=\"currentColor\" d=\"M464 0H144c-26.51 0-48 21.49-48 48v48H48c-26.51 0-48 21.49-48 48v320c0 26.51 21.49 48 48 48h320c26.51 0 48-21.49 48-48v-48h48c26.51 0 48-21.49 48-48V48c0-26.51-21.49-48-48-48zM362 464H54a6 6 0 0 1-6-6V150a6 6 0 0 1 6-6h42v224c0 26.51 21.49 48 48 48h224v42a6 6 0 0 1-6 6zm96-96H150a6 6 0 0 1-6-6V54a6 6 0 0 1 6-6h308a6 6 0 0 1 6 6v308a6 6 0 0 1-6 6z\"><\/path>\n                <\/svg>\t\t\t\t\t\t<img decoding=\"async\" src=\"https:\/\/kulturgemeinschaft-empfingen.info\/wp-content\/plugins\/instagram-feed\/img\/placeholder.png\" alt=\"Endlich wieder freie Fahrt durch Empfingen!\n\nGestern umrahmte unsere Trachtenkapelle die Er\u00f6ffnungsfeier der sanierten Ortsdurchfahrt durch die @gemeinde_empfingen mit musikalischen Kl\u00e4ngen.\" aria-hidden=\"true\">\n\t\t<\/a>\n\t<\/div>\n<\/div><div class=\"sbi_item sbi_type_carousel sbi_new sbi_transition\"\n\tid=\"sbi_17880446621999057\" data-date=\"1714980748\">\n\t<div class=\"sbi_photo_wrap\">\n\t\t<a class=\"sbi_photo\" href=\"https:\/\/www.instagram.com\/p\/C6nmbIpI48m\/\" target=\"_blank\" rel=\"noopener nofollow\"\n\t\t\tdata-full-res=\"https:\/\/scontent-fra5-1.cdninstagram.com\/v\/t39.30808-6\/467400310_18068641897653799_5756925071852917507_n.jpg?stp=dst-jpg_e35_tt6&#038;_nc_cat=100&#038;ccb=7-5&#038;_nc_sid=18de74&#038;efg=eyJlZmdfdGFnIjoiQ0FST1VTRUxfSVRFTS5iZXN0X2ltYWdlX3VybGdlbi5DMyJ9&#038;_nc_ohc=ajxr7dE7nHIQ7kNvwFNk9GC&#038;_nc_oc=Ado_FFQDJVv9RqbKGqVYKuAf5NDG-tPteQKwEIwY3Pwj9kbUZReuFZ9gfCKdsnc1RHI&#038;_nc_zt=23&#038;_nc_ht=scontent-fra5-1.cdninstagram.com&#038;edm=ANo9K5cEAAAA&#038;_nc_gid=1fh9XIPGDE4BIekXpSvkAQ&#038;_nc_tpa=Q5bMBQEpPxQ2GmxU_KPOk38w0jxrCR6LvJLCuV1mOAo9sD43HW3RbkcFbNGOl6GzIG17GX3jOumocpSJgQ&#038;oh=00_Af4edm9Dc6RaITQTv1ivngl8-DTle8yAe71AtjKmFvwldg&#038;oe=69FA45FE\"\n\t\t\tdata-img-src-set=\"{&quot;d&quot;:&quot;https:\\\/\\\/scontent-fra5-1.cdninstagram.com\\\/v\\\/t39.30808-6\\\/467400310_18068641897653799_5756925071852917507_n.jpg?stp=dst-jpg_e35_tt6&amp;_nc_cat=100&amp;ccb=7-5&amp;_nc_sid=18de74&amp;efg=eyJlZmdfdGFnIjoiQ0FST1VTRUxfSVRFTS5iZXN0X2ltYWdlX3VybGdlbi5DMyJ9&amp;_nc_ohc=ajxr7dE7nHIQ7kNvwFNk9GC&amp;_nc_oc=Ado_FFQDJVv9RqbKGqVYKuAf5NDG-tPteQKwEIwY3Pwj9kbUZReuFZ9gfCKdsnc1RHI&amp;_nc_zt=23&amp;_nc_ht=scontent-fra5-1.cdninstagram.com&amp;edm=ANo9K5cEAAAA&amp;_nc_gid=1fh9XIPGDE4BIekXpSvkAQ&amp;_nc_tpa=Q5bMBQEpPxQ2GmxU_KPOk38w0jxrCR6LvJLCuV1mOAo9sD43HW3RbkcFbNGOl6GzIG17GX3jOumocpSJgQ&amp;oh=00_Af4edm9Dc6RaITQTv1ivngl8-DTle8yAe71AtjKmFvwldg&amp;oe=69FA45FE&quot;,&quot;150&quot;:&quot;https:\\\/\\\/scontent-fra5-1.cdninstagram.com\\\/v\\\/t39.30808-6\\\/467400310_18068641897653799_5756925071852917507_n.jpg?stp=dst-jpg_e35_tt6&amp;_nc_cat=100&amp;ccb=7-5&amp;_nc_sid=18de74&amp;efg=eyJlZmdfdGFnIjoiQ0FST1VTRUxfSVRFTS5iZXN0X2ltYWdlX3VybGdlbi5DMyJ9&amp;_nc_ohc=ajxr7dE7nHIQ7kNvwFNk9GC&amp;_nc_oc=Ado_FFQDJVv9RqbKGqVYKuAf5NDG-tPteQKwEIwY3Pwj9kbUZReuFZ9gfCKdsnc1RHI&amp;_nc_zt=23&amp;_nc_ht=scontent-fra5-1.cdninstagram.com&amp;edm=ANo9K5cEAAAA&amp;_nc_gid=1fh9XIPGDE4BIekXpSvkAQ&amp;_nc_tpa=Q5bMBQEpPxQ2GmxU_KPOk38w0jxrCR6LvJLCuV1mOAo9sD43HW3RbkcFbNGOl6GzIG17GX3jOumocpSJgQ&amp;oh=00_Af4edm9Dc6RaITQTv1ivngl8-DTle8yAe71AtjKmFvwldg&amp;oe=69FA45FE&quot;,&quot;320&quot;:&quot;https:\\\/\\\/scontent-fra5-1.cdninstagram.com\\\/v\\\/t39.30808-6\\\/467400310_18068641897653799_5756925071852917507_n.jpg?stp=dst-jpg_e35_tt6&amp;_nc_cat=100&amp;ccb=7-5&amp;_nc_sid=18de74&amp;efg=eyJlZmdfdGFnIjoiQ0FST1VTRUxfSVRFTS5iZXN0X2ltYWdlX3VybGdlbi5DMyJ9&amp;_nc_ohc=ajxr7dE7nHIQ7kNvwFNk9GC&amp;_nc_oc=Ado_FFQDJVv9RqbKGqVYKuAf5NDG-tPteQKwEIwY3Pwj9kbUZReuFZ9gfCKdsnc1RHI&amp;_nc_zt=23&amp;_nc_ht=scontent-fra5-1.cdninstagram.com&amp;edm=ANo9K5cEAAAA&amp;_nc_gid=1fh9XIPGDE4BIekXpSvkAQ&amp;_nc_tpa=Q5bMBQEpPxQ2GmxU_KPOk38w0jxrCR6LvJLCuV1mOAo9sD43HW3RbkcFbNGOl6GzIG17GX3jOumocpSJgQ&amp;oh=00_Af4edm9Dc6RaITQTv1ivngl8-DTle8yAe71AtjKmFvwldg&amp;oe=69FA45FE&quot;,&quot;640&quot;:&quot;https:\\\/\\\/scontent-fra5-1.cdninstagram.com\\\/v\\\/t39.30808-6\\\/467400310_18068641897653799_5756925071852917507_n.jpg?stp=dst-jpg_e35_tt6&amp;_nc_cat=100&amp;ccb=7-5&amp;_nc_sid=18de74&amp;efg=eyJlZmdfdGFnIjoiQ0FST1VTRUxfSVRFTS5iZXN0X2ltYWdlX3VybGdlbi5DMyJ9&amp;_nc_ohc=ajxr7dE7nHIQ7kNvwFNk9GC&amp;_nc_oc=Ado_FFQDJVv9RqbKGqVYKuAf5NDG-tPteQKwEIwY3Pwj9kbUZReuFZ9gfCKdsnc1RHI&amp;_nc_zt=23&amp;_nc_ht=scontent-fra5-1.cdninstagram.com&amp;edm=ANo9K5cEAAAA&amp;_nc_gid=1fh9XIPGDE4BIekXpSvkAQ&amp;_nc_tpa=Q5bMBQEpPxQ2GmxU_KPOk38w0jxrCR6LvJLCuV1mOAo9sD43HW3RbkcFbNGOl6GzIG17GX3jOumocpSJgQ&amp;oh=00_Af4edm9Dc6RaITQTv1ivngl8-DTle8yAe71AtjKmFvwldg&amp;oe=69FA45FE&quot;}\">\n\t\t\t<span class=\"sbi-screenreader\">-Jahreshauptversammlung 2024-\nAm vergangenen Freit<\/span>\n\t\t\t<svg class=\"svg-inline--fa fa-clone fa-w-16 sbi_lightbox_carousel_icon\" aria-hidden=\"true\" aria-label=\"Clone\" data-fa-pro\u0192cessed=\"\" data-prefix=\"far\" data-icon=\"clone\" role=\"img\" xmlns=\"http:\/\/www.w3.org\/2000\/svg\" viewBox=\"0 0 512 512\">\n                    <path fill=\"currentColor\" d=\"M464 0H144c-26.51 0-48 21.49-48 48v48H48c-26.51 0-48 21.49-48 48v320c0 26.51 21.49 48 48 48h320c26.51 0 48-21.49 48-48v-48h48c26.51 0 48-21.49 48-48V48c0-26.51-21.49-48-48-48zM362 464H54a6 6 0 0 1-6-6V150a6 6 0 0 1 6-6h42v224c0 26.51 21.49 48 48 48h224v42a6 6 0 0 1-6 6zm96-96H150a6 6 0 0 1-6-6V54a6 6 0 0 1 6-6h308a6 6 0 0 1 6 6v308a6 6 0 0 1-6 6z\"><\/path>\n                <\/svg>\t\t\t\t\t\t<img decoding=\"async\" src=\"https:\/\/kulturgemeinschaft-empfingen.info\/wp-content\/plugins\/instagram-feed\/img\/placeholder.png\" alt=\"-Jahreshauptversammlung 2024-\nAm vergangenen Freitag fand unsere ordentliche Jahreshauptversammlung statt. Hier durften wir unseren Schatzmeister Werner Eggenweiler nach 25 Jahren in den wohlverdienten Ruhestand verabschieden. Ebenfalls wurde er von unserem Ringpr\u00e4sidenten Thomas Fischer f\u00fcr seine langj\u00e4hrige Ehrenarbeit ausgezeichnet. Werner, vielen Dank f\u00fcr deine Verdienste um unseren Verein. Wir haben dir viel zu Verdanken\ud83d\udcb0\" aria-hidden=\"true\">\n\t\t<\/a>\n\t<\/div>\n<\/div><div class=\"sbi_item sbi_type_carousel sbi_new sbi_transition\"\n\tid=\"sbi_18027733961063895\" data-date=\"1714851286\">\n\t<div class=\"sbi_photo_wrap\">\n\t\t<a class=\"sbi_photo\" href=\"https:\/\/www.instagram.com\/p\/C6jvfoPop5i\/\" target=\"_blank\" rel=\"noopener nofollow\"\n\t\t\tdata-full-res=\"https:\/\/scontent-fra3-2.cdninstagram.com\/v\/t51.82787-15\/656066768_18130500610536892_3372016801096641639_n.webp?stp=dst-jpg_e35_tt6&#038;_nc_cat=104&#038;ccb=7-5&#038;_nc_sid=18de74&#038;efg=eyJlZmdfdGFnIjoiQ0FST1VTRUxfSVRFTS5iZXN0X2ltYWdlX3VybGdlbi5DMyJ9&#038;_nc_ohc=zmtqDCeB-5AQ7kNvwGcH9qJ&#038;_nc_oc=Adpcd0Fzl39ETwQ-SdRAk_MuNTdgm-L2ZNQbJVIPvBs4LFwO0AkBKhHQsHeOG3wknws&#038;_nc_zt=23&#038;_nc_ht=scontent-fra3-2.cdninstagram.com&#038;edm=ANo9K5cEAAAA&#038;_nc_gid=1fh9XIPGDE4BIekXpSvkAQ&#038;_nc_tpa=Q5bMBQE864UhEhAMREcp2etKo2SQjqq9Y0xg_g7ONw1Ccgb4yL8uXphEbRcgNgvVY1udtixNuZE40wa_oQ&#038;oh=00_Af6BQZf2wb9UqutHURL7XsalN6Fb1w-jlbgtcM2ZOeTGoA&#038;oe=69FA4860\"\n\t\t\tdata-img-src-set=\"{&quot;d&quot;:&quot;https:\\\/\\\/scontent-fra3-2.cdninstagram.com\\\/v\\\/t51.82787-15\\\/656066768_18130500610536892_3372016801096641639_n.webp?stp=dst-jpg_e35_tt6&amp;_nc_cat=104&amp;ccb=7-5&amp;_nc_sid=18de74&amp;efg=eyJlZmdfdGFnIjoiQ0FST1VTRUxfSVRFTS5iZXN0X2ltYWdlX3VybGdlbi5DMyJ9&amp;_nc_ohc=zmtqDCeB-5AQ7kNvwGcH9qJ&amp;_nc_oc=Adpcd0Fzl39ETwQ-SdRAk_MuNTdgm-L2ZNQbJVIPvBs4LFwO0AkBKhHQsHeOG3wknws&amp;_nc_zt=23&amp;_nc_ht=scontent-fra3-2.cdninstagram.com&amp;edm=ANo9K5cEAAAA&amp;_nc_gid=1fh9XIPGDE4BIekXpSvkAQ&amp;_nc_tpa=Q5bMBQE864UhEhAMREcp2etKo2SQjqq9Y0xg_g7ONw1Ccgb4yL8uXphEbRcgNgvVY1udtixNuZE40wa_oQ&amp;oh=00_Af6BQZf2wb9UqutHURL7XsalN6Fb1w-jlbgtcM2ZOeTGoA&amp;oe=69FA4860&quot;,&quot;150&quot;:&quot;https:\\\/\\\/scontent-fra3-2.cdninstagram.com\\\/v\\\/t51.82787-15\\\/656066768_18130500610536892_3372016801096641639_n.webp?stp=dst-jpg_e35_tt6&amp;_nc_cat=104&amp;ccb=7-5&amp;_nc_sid=18de74&amp;efg=eyJlZmdfdGFnIjoiQ0FST1VTRUxfSVRFTS5iZXN0X2ltYWdlX3VybGdlbi5DMyJ9&amp;_nc_ohc=zmtqDCeB-5AQ7kNvwGcH9qJ&amp;_nc_oc=Adpcd0Fzl39ETwQ-SdRAk_MuNTdgm-L2ZNQbJVIPvBs4LFwO0AkBKhHQsHeOG3wknws&amp;_nc_zt=23&amp;_nc_ht=scontent-fra3-2.cdninstagram.com&amp;edm=ANo9K5cEAAAA&amp;_nc_gid=1fh9XIPGDE4BIekXpSvkAQ&amp;_nc_tpa=Q5bMBQE864UhEhAMREcp2etKo2SQjqq9Y0xg_g7ONw1Ccgb4yL8uXphEbRcgNgvVY1udtixNuZE40wa_oQ&amp;oh=00_Af6BQZf2wb9UqutHURL7XsalN6Fb1w-jlbgtcM2ZOeTGoA&amp;oe=69FA4860&quot;,&quot;320&quot;:&quot;https:\\\/\\\/scontent-fra3-2.cdninstagram.com\\\/v\\\/t51.82787-15\\\/656066768_18130500610536892_3372016801096641639_n.webp?stp=dst-jpg_e35_tt6&amp;_nc_cat=104&amp;ccb=7-5&amp;_nc_sid=18de74&amp;efg=eyJlZmdfdGFnIjoiQ0FST1VTRUxfSVRFTS5iZXN0X2ltYWdlX3VybGdlbi5DMyJ9&amp;_nc_ohc=zmtqDCeB-5AQ7kNvwGcH9qJ&amp;_nc_oc=Adpcd0Fzl39ETwQ-SdRAk_MuNTdgm-L2ZNQbJVIPvBs4LFwO0AkBKhHQsHeOG3wknws&amp;_nc_zt=23&amp;_nc_ht=scontent-fra3-2.cdninstagram.com&amp;edm=ANo9K5cEAAAA&amp;_nc_gid=1fh9XIPGDE4BIekXpSvkAQ&amp;_nc_tpa=Q5bMBQE864UhEhAMREcp2etKo2SQjqq9Y0xg_g7ONw1Ccgb4yL8uXphEbRcgNgvVY1udtixNuZE40wa_oQ&amp;oh=00_Af6BQZf2wb9UqutHURL7XsalN6Fb1w-jlbgtcM2ZOeTGoA&amp;oe=69FA4860&quot;,&quot;640&quot;:&quot;https:\\\/\\\/scontent-fra3-2.cdninstagram.com\\\/v\\\/t51.82787-15\\\/656066768_18130500610536892_3372016801096641639_n.webp?stp=dst-jpg_e35_tt6&amp;_nc_cat=104&amp;ccb=7-5&amp;_nc_sid=18de74&amp;efg=eyJlZmdfdGFnIjoiQ0FST1VTRUxfSVRFTS5iZXN0X2ltYWdlX3VybGdlbi5DMyJ9&amp;_nc_ohc=zmtqDCeB-5AQ7kNvwGcH9qJ&amp;_nc_oc=Adpcd0Fzl39ETwQ-SdRAk_MuNTdgm-L2ZNQbJVIPvBs4LFwO0AkBKhHQsHeOG3wknws&amp;_nc_zt=23&amp;_nc_ht=scontent-fra3-2.cdninstagram.com&amp;edm=ANo9K5cEAAAA&amp;_nc_gid=1fh9XIPGDE4BIekXpSvkAQ&amp;_nc_tpa=Q5bMBQE864UhEhAMREcp2etKo2SQjqq9Y0xg_g7ONw1Ccgb4yL8uXphEbRcgNgvVY1udtixNuZE40wa_oQ&amp;oh=00_Af6BQZf2wb9UqutHURL7XsalN6Fb1w-jlbgtcM2ZOeTGoA&amp;oe=69FA4860&quot;}\">\n\t\t\t<span class=\"sbi-screenreader\">Doppeleinsatz! Heute sind bzw. waren wir gleich do<\/span>\n\t\t\t<svg class=\"svg-inline--fa fa-clone fa-w-16 sbi_lightbox_carousel_icon\" aria-hidden=\"true\" aria-label=\"Clone\" data-fa-pro\u0192cessed=\"\" data-prefix=\"far\" data-icon=\"clone\" role=\"img\" xmlns=\"http:\/\/www.w3.org\/2000\/svg\" viewBox=\"0 0 512 512\">\n                    <path fill=\"currentColor\" d=\"M464 0H144c-26.51 0-48 21.49-48 48v48H48c-26.51 0-48 21.49-48 48v320c0 26.51 21.49 48 48 48h320c26.51 0 48-21.49 48-48v-48h48c26.51 0 48-21.49 48-48V48c0-26.51-21.49-48-48-48zM362 464H54a6 6 0 0 1-6-6V150a6 6 0 0 1 6-6h42v224c0 26.51 21.49 48 48 48h224v42a6 6 0 0 1-6 6zm96-96H150a6 6 0 0 1-6-6V54a6 6 0 0 1 6-6h308a6 6 0 0 1 6 6v308a6 6 0 0 1-6 6z\"><\/path>\n                <\/svg>\t\t\t\t\t\t<img decoding=\"async\" src=\"https:\/\/kulturgemeinschaft-empfingen.info\/wp-content\/plugins\/instagram-feed\/img\/placeholder.png\" alt=\"Doppeleinsatz! Heute sind bzw. waren wir gleich doppelt im Einsatz. Wir helfen bei der @feuerwehr_empfingen und beim @fastnachtsmuseum_narrenschopf . Kommt vorbei!\" aria-hidden=\"true\">\n\t\t<\/a>\n\t<\/div>\n<\/div>\t<\/div>\n\n\t<div id=\"sbi_load\" >\n\n\t\t\t<button class=\"sbi_load_btn\"\n\t\t\ttype=\"button\" >\n\t\t\t<span class=\"sbi_btn_text\" >Mehr laden<\/span>\n\t\t\t<span class=\"sbi_loader sbi_hidden\" style=\"background-color: rgb(255, 255, 255);\" aria-hidden=\"true\"><\/span>\n\t\t<\/button>\n\t\n\t\t\t<span class=\"sbi_follow_btn sbi_custom\" >\n\t\t\t<a target=\"_blank\"\n\t\t\t\trel=\"nofollow noopener\"  href=\"https:\/\/www.instagram.com\/kulturgemeinschaft_empfingen\/\" style=\"background: rgb(64,139,209);\">\n\t\t\t\t<svg class=\"svg-inline--fa fa-instagram fa-w-14\" aria-hidden=\"true\" data-fa-processed=\"\" aria-label=\"Instagram\" data-prefix=\"fab\" data-icon=\"instagram\" role=\"img\" viewBox=\"0 0 448 512\">\n                    <path fill=\"currentColor\" d=\"M224.1 141c-63.6 0-114.9 51.3-114.9 114.9s51.3 114.9 114.9 114.9S339 319.5 339 255.9 287.7 141 224.1 141zm0 189.6c-41.1 0-74.7-33.5-74.7-74.7s33.5-74.7 74.7-74.7 74.7 33.5 74.7 74.7-33.6 74.7-74.7 74.7zm146.4-194.3c0 14.9-12 26.8-26.8 26.8-14.9 0-26.8-12-26.8-26.8s12-26.8 26.8-26.8 26.8 12 26.8 26.8zm76.1 27.2c-1.7-35.9-9.9-67.7-36.2-93.9-26.2-26.2-58-34.4-93.9-36.2-37-2.1-147.9-2.1-184.9 0-35.8 1.7-67.6 9.9-93.9 36.1s-34.4 58-36.2 93.9c-2.1 37-2.1 147.9 0 184.9 1.7 35.9 9.9 67.7 36.2 93.9s58 34.4 93.9 36.2c37 2.1 147.9 2.1 184.9 0 35.9-1.7 67.7-9.9 93.9-36.2 26.2-26.2 34.4-58 36.2-93.9 2.1-37 2.1-147.8 0-184.8zM398.8 388c-7.8 19.6-22.9 34.7-42.6 42.6-29.5 11.7-99.5 9-132.1 9s-102.7 2.6-132.1-9c-19.6-7.8-34.7-22.9-42.6-42.6-11.7-29.5-9-99.5-9-132.1s-2.6-102.7 9-132.1c7.8-19.6 22.9-34.7 42.6-42.6 29.5-11.7 99.5-9 132.1-9s102.7-2.6 132.1 9c19.6 7.8 34.7 22.9 42.6 42.6 11.7 29.5 9 99.5 9 132.1s2.7 102.7-9 132.1z\"><\/path>\n                <\/svg>\t\t\t\t<span>Auf Instagram folgen<\/span>\n\t\t\t<\/a>\n\t\t<\/span>\n\t\n<\/div>\n\t\t<span class=\"sbi_resized_image_data\" data-feed-id=\"*2\"\n\t\t  data-resized=\"{&quot;18076376770871685&quot;:{&quot;id&quot;:&quot;558445969_18098432215653799_8873611948820163713_n&quot;,&quot;ratio&quot;:&quot;0.80&quot;,&quot;sizes&quot;:{&quot;full&quot;:640,&quot;low&quot;:320,&quot;thumb&quot;:150},&quot;extension&quot;:&quot;.webp&quot;},&quot;17918606802109635&quot;:{&quot;id&quot;:&quot;523628831_18091603906653799_4801244432345140723_n&quot;,&quot;ratio&quot;:&quot;1.33&quot;,&quot;sizes&quot;:{&quot;full&quot;:640,&quot;low&quot;:320,&quot;thumb&quot;:150},&quot;extension&quot;:&quot;.webp&quot;},&quot;17870777397263990&quot;:{&quot;id&quot;:&quot;495435265_18084422500653799_4566789607305088043_n&quot;,&quot;ratio&quot;:&quot;1.33&quot;,&quot;sizes&quot;:{&quot;full&quot;:640,&quot;low&quot;:320,&quot;thumb&quot;:150},&quot;extension&quot;:&quot;.webp&quot;},&quot;18055411457495519&quot;:{&quot;id&quot;:&quot;475203396_18075677824653799_8590616229916692602_n&quot;,&quot;ratio&quot;:&quot;0.81&quot;,&quot;sizes&quot;:{&quot;full&quot;:640,&quot;low&quot;:320,&quot;thumb&quot;:150},&quot;extension&quot;:&quot;.webp&quot;},&quot;18076236523609100&quot;:{&quot;id&quot;:&quot;469031683_18070125424653799_8986242441882792507_n&quot;,&quot;ratio&quot;:&quot;1.16&quot;,&quot;sizes&quot;:{&quot;full&quot;:640,&quot;low&quot;:320,&quot;thumb&quot;:150},&quot;extension&quot;:&quot;.webp&quot;},&quot;17971604123802318&quot;:{&quot;id&quot;:&quot;469226039_931860188400234_8733288587408373568_n&quot;,&quot;ratio&quot;:&quot;1.00&quot;,&quot;sizes&quot;:{&quot;full&quot;:640,&quot;low&quot;:320,&quot;thumb&quot;:150},&quot;extension&quot;:&quot;.webp&quot;},&quot;18183821386305651&quot;:{&quot;id&quot;:&quot;459860949_18062145742653799_6880543452186576931_n&quot;,&quot;ratio&quot;:&quot;0.80&quot;,&quot;sizes&quot;:{&quot;full&quot;:640,&quot;low&quot;:320,&quot;thumb&quot;:150},&quot;extension&quot;:&quot;.webp&quot;},&quot;18453870280034235&quot;:{&quot;id&quot;:&quot;459674806_18062078875653799_6660744658052454016_n&quot;,&quot;ratio&quot;:&quot;0.80&quot;,&quot;sizes&quot;:{&quot;full&quot;:640,&quot;low&quot;:320,&quot;thumb&quot;:150},&quot;extension&quot;:&quot;.webp&quot;},&quot;18074009017521978&quot;:{&quot;id&quot;:&quot;451779943_2115843468791278_4590890121104075236_n&quot;,&quot;ratio&quot;:&quot;1.00&quot;,&quot;sizes&quot;:{&quot;full&quot;:640,&quot;low&quot;:320,&quot;thumb&quot;:150},&quot;extension&quot;:&quot;.webp&quot;},&quot;18008729285547397&quot;:{&quot;id&quot;:&quot;448766168_1945107486008109_4972655814506890184_n&quot;,&quot;ratio&quot;:&quot;1.00&quot;,&quot;sizes&quot;:{&quot;full&quot;:640,&quot;low&quot;:320,&quot;thumb&quot;:150},&quot;extension&quot;:&quot;.webp&quot;},&quot;18262028563220576&quot;:{&quot;id&quot;:&quot;451037830_1160189285257890_7914320841081612718_n&quot;,&quot;ratio&quot;:&quot;1.00&quot;,&quot;sizes&quot;:{&quot;full&quot;:640,&quot;low&quot;:320,&quot;thumb&quot;:150},&quot;extension&quot;:&quot;.webp&quot;},&quot;18023354057248846&quot;:{&quot;id&quot;:&quot;450507265_999405388543942_1225178811035849714_n&quot;,&quot;ratio&quot;:&quot;1.00&quot;,&quot;sizes&quot;:{&quot;full&quot;:640,&quot;low&quot;:320,&quot;thumb&quot;:150},&quot;extension&quot;:&quot;.webp&quot;},&quot;17880446621999057&quot;:{&quot;id&quot;:&quot;467400310_18068641897653799_5756925071852917507_n&quot;,&quot;ratio&quot;:&quot;1.33&quot;,&quot;sizes&quot;:{&quot;full&quot;:640,&quot;low&quot;:320,&quot;thumb&quot;:150},&quot;extension&quot;:&quot;.webp&quot;},&quot;18027733961063895&quot;:{&quot;id&quot;:&quot;441311742_1494912728109318_4917604960717435211_n&quot;,&quot;ratio&quot;:&quot;1.00&quot;,&quot;sizes&quot;:{&quot;full&quot;:640,&quot;low&quot;:320,&quot;thumb&quot;:150},&quot;extension&quot;:&quot;.webp&quot;},&quot;17865809832561759&quot;:{&quot;id&quot;:&quot;626791030_18110925187653799_2862933550545835766_n&quot;,&quot;ratio&quot;:&quot;0.80&quot;,&quot;sizes&quot;:{&quot;full&quot;:640,&quot;low&quot;:320,&quot;thumb&quot;:150},&quot;extension&quot;:&quot;.webp&quot;}}\">\n\t<\/span>\n\t<\/div>\n\n<\/div>\n\t\t\t\t\t\t<\/div>\n\t\t\t\t<\/div>\n\t\t\t\t\t<\/div>\n\t\t\t\t<\/div>\n\t\t\t\t<\/div>\n\t\t","protected":false},"excerpt":{"rendered":"<p>Willkommen bei der Kulturgemeinschaft Empfingen Sch\u00f6n, dass Sie den Weg auf unsere Homepage gefunden haben. Die Kulturgemeinschaft Empfingen verbindet Tradition, Musik und Brauchtum \u2013 getragen von drei starken S\u00e4ulen: Narrenzunft gelebte Fasnet, Humor und jahrhundertealte Br\u00e4uche. Trachtenkapelle Musik f\u00fcr jeden Anlass, von festlich bis schwungvoll. Trachtengruppe Pflege unserer Heimatkultur durch Tanz, Tracht und Geselligkeit. \u00dcber [&hellip;]<\/p>\n","protected":false},"author":1,"featured_media":0,"parent":0,"menu_order":0,"comment_status":"closed","ping_status":"closed","template":"","meta":{"ocean_post_layout":"full-screen","ocean_both_sidebars_style":"","ocean_both_sidebars_content_width":0,"ocean_both_sidebars_sidebars_width":0,"ocean_sidebar":"","ocean_second_sidebar":"","ocean_disable_margins":"enable","ocean_add_body_class":"","ocean_shortcode_before_top_bar":"","ocean_shortcode_after_top_bar":"","ocean_shortcode_before_header":"","ocean_shortcode_after_header":"","ocean_has_shortcode":"","ocean_shortcode_after_title":"","ocean_shortcode_before_footer_widgets":"","ocean_shortcode_after_footer_widgets":"","ocean_shortcode_before_footer_bottom":"","ocean_shortcode_after_footer_bottom":"","ocean_display_top_bar":"off","ocean_display_header":"default","ocean_header_style":"","ocean_center_header_left_menu":"","ocean_custom_header_template":"","ocean_custom_logo":0,"ocean_custom_retina_logo":0,"ocean_custom_logo_max_width":0,"ocean_custom_logo_tablet_max_width":0,"ocean_custom_logo_mobile_max_width":0,"ocean_custom_logo_max_height":0,"ocean_custom_logo_tablet_max_height":0,"ocean_custom_logo_mobile_max_height":0,"ocean_header_custom_menu":"","ocean_menu_typo_font_family":"","ocean_menu_typo_font_subset":"","ocean_menu_typo_font_size":0,"ocean_menu_typo_font_size_tablet":0,"ocean_menu_typo_font_size_mobile":0,"ocean_menu_typo_font_size_unit":"px","ocean_menu_typo_font_weight":"","ocean_menu_typo_font_weight_tablet":"","ocean_menu_typo_font_weight_mobile":"","ocean_menu_typo_transform":"","ocean_menu_typo_transform_tablet":"","ocean_menu_typo_transform_mobile":"","ocean_menu_typo_line_height":0,"ocean_menu_typo_line_height_tablet":0,"ocean_menu_typo_line_height_mobile":0,"ocean_menu_typo_line_height_unit":"","ocean_menu_typo_spacing":0,"ocean_menu_typo_spacing_tablet":0,"ocean_menu_typo_spacing_mobile":0,"ocean_menu_typo_spacing_unit":"","ocean_menu_link_color":"","ocean_menu_link_color_hover":"","ocean_menu_link_color_active":"","ocean_menu_link_background":"","ocean_menu_link_hover_background":"","ocean_menu_link_active_background":"","ocean_menu_social_links_bg":"","ocean_menu_social_hover_links_bg":"","ocean_menu_social_links_color":"","ocean_menu_social_hover_links_color":"","ocean_disable_title":"on","ocean_disable_heading":"default","ocean_post_title":"","ocean_post_subheading":"","ocean_post_title_style":"","ocean_post_title_background_color":"","ocean_post_title_background":0,"ocean_post_title_bg_image_position":"","ocean_post_title_bg_image_attachment":"","ocean_post_title_bg_image_repeat":"","ocean_post_title_bg_image_size":"","ocean_post_title_height":0,"ocean_post_title_bg_overlay":0.5,"ocean_post_title_bg_overlay_color":"","ocean_disable_breadcrumbs":"default","ocean_breadcrumbs_color":"","ocean_breadcrumbs_separator_color":"","ocean_breadcrumbs_links_color":"","ocean_breadcrumbs_links_hover_color":"","ocean_display_footer_widgets":"off","ocean_display_footer_bottom":"off","ocean_custom_footer_template":"","footnotes":""},"class_list":["post-493","page","type-page","status-publish","hentry","entry"],"_links":{"self":[{"href":"https:\/\/kulturgemeinschaft-empfingen.info\/index.php\/wp-json\/wp\/v2\/pages\/493","targetHints":{"allow":["GET"]}}],"collection":[{"href":"https:\/\/kulturgemeinschaft-empfingen.info\/index.php\/wp-json\/wp\/v2\/pages"}],"about":[{"href":"https:\/\/kulturgemeinschaft-empfingen.info\/index.php\/wp-json\/wp\/v2\/types\/page"}],"author":[{"embeddable":true,"href":"https:\/\/kulturgemeinschaft-empfingen.info\/index.php\/wp-json\/wp\/v2\/users\/1"}],"replies":[{"embeddable":true,"href":"https:\/\/kulturgemeinschaft-empfingen.info\/index.php\/wp-json\/wp\/v2\/comments?post=493"}],"version-history":[{"count":88,"href":"https:\/\/kulturgemeinschaft-empfingen.info\/index.php\/wp-json\/wp\/v2\/pages\/493\/revisions"}],"predecessor-version":[{"id":1618,"href":"https:\/\/kulturgemeinschaft-empfingen.info\/index.php\/wp-json\/wp\/v2\/pages\/493\/revisions\/1618"}],"wp:attachment":[{"href":"https:\/\/kulturgemeinschaft-empfingen.info\/index.php\/wp-json\/wp\/v2\/media?parent=493"}],"curies":[{"name":"wp","href":"https:\/\/api.w.org\/{rel}","templated":true}]}}